{"id":12235,"date":"2019-12-09T20:24:23","date_gmt":"2019-12-10T01:24:23","guid":{"rendered":"https:\/\/www.cac-accr.ca\/?page_id=12235"},"modified":"2025-08-25T21:16:55","modified_gmt":"2025-08-26T01:16:55","slug":"evenements-du-congres","status":"publish","type":"page","link":"https:\/\/www.cac-accr.ca\/fr\/nos-congres\/evenements-du-congres\/","title":{"rendered":"\u00c9v\u00e9nements et visites du congr\u00e8s"},"content":{"rendered":"<div class=\"wpb-content-wrapper\">[vc_row][vc_column][vc_text_separator title=\u00a0\u00bbVisites Pr\u00e9congr\u00e8s\u00a0\u00bb color=\u00a0\u00bbcustom\u00a0\u00bb css=\u00a0\u00bb\u00a0\u00bb accent_color=\u00a0\u00bb#CAB74C\u00a0\u00bb][\/vc_column][\/vc_row][vc_row][vc_column][vc_column_text css=\u00a0\u00bb.vc_custom_1753744531778{margin-bottom: 0px !important;}\u00a0\u00bb]\n<h4><strong>Visites<\/strong><\/h4>\n<p><strong>Mercredi 22 Octobre<\/strong><\/p>\n<p><strong><i>Les frais pour les visites sont inclus dans le prix d\u2019inscription au congr\u00e8s<\/i><\/strong><\/p>\n<p><strong>8:00-9:00 Rendez-vous covoiturage <\/strong><br \/>\n<strong>Centre de recherche, MCH<\/strong>[\/vc_column_text][vc_column_text css=\u00a0\u00bb.vc_custom_1753629178839{margin-bottom: 0px !important;}\u00a0\u00bb]<strong>9:30-11:30 Institut canadien de conservation<\/strong><br \/>\nVisite des laboratoires pour en apprendre davantage sur les projets en cours et discussion avec le personnel autour d\u2019un caf\u00e9.<\/p>\n<p><strong>9:30-11:30 Mus\u00e9e des beaux-arts du Canada<\/strong><br \/>\nVisite des laboratoires de conservation-restauration et de certains espaces de r\u00e9serve des collections.<\/p>\n<p><strong>11:30-13:30 Rendez-vous d\u00eener<\/strong><br \/>\nMus\u00e9e des beaux-arts du Canada<\/p>\n<p><strong>13:30-16:45 Centre National des Arts (CNA)<\/strong><br \/>\nVisite des archives et des collections d\u2019accessoires et de costumes rarement expos\u00e9es, conserv\u00e9es dans les coulisses du CNA<\/p>\n<p><strong>13:30-15:30 Restauration de l\u2019\u00e9difice du Centre<\/strong><br \/>\nVisite de ce vaste chantier de restauration de patrimoine b\u00e2ti pour d\u00e9couvrir les projets de restauration en cours.<\/p>\n<p><strong>14:00-16:00 Monnaie Royale Canadienne<\/strong><br \/>\nVisite des installations de production et de contr\u00f4le qualit\u00e9 de la Monnaie royale[\/vc_column_text][\/vc_column][\/vc_row][vc_row][vc_column][vc_text_separator title=\u00a0\u00bb\u00c9v\u00e9nements en soir\u00e9e\u00a0\u00bb color=\u00a0\u00bbcustom\u00a0\u00bb css=\u00a0\u00bb\u00a0\u00bb accent_color=\u00a0\u00bb#CAB74C\u00a0\u00bb][\/vc_column][\/vc_row][vc_row][vc_column][vc_column_text css=\u00a0\u00bb.vc_custom_1753626447293{margin-bottom: 0px !important;}\u00a0\u00bb]<strong>Table Ronde du Groupe de travail sur la (R\u00e9)conciliation (GTR)<\/strong><br \/>\n<strong>Le droit de raconter l\u2019histoire : droits de propri\u00e9t\u00e9 intellectuelle des peuples autochtones et pratiques de conservation-restauration<\/strong><br \/>\n<strong>Centre de recherche, MCH<\/strong><br \/>\n<strong>Mercredi 22 Octobre; 16:30-18:30 <\/strong>[\/vc_column_text][vc_column_text css=\u00a0\u00bb.vc_custom_1753626461265{margin-bottom: 0px !important;}\u00a0\u00bb]L\u2019article 31 de la D\u00e9claration des Nations Unies sur les droits des peuples autochtones (DNUDPA) stipule que \u201c Les peuples autochtones ont le droit de pr\u00e9server, de contr\u00f4ler, de prot\u00e9ger et de d\u00e9velopper leur patrimoine culturel, leur savoir traditionnel et leurs expressions culturelles traditionnelles (\u2026) Ils ont \u00e9galement le droit de pr\u00e9server, de contr\u00f4ler, de prot\u00e9ger et de d\u00e9velopper leur propri\u00e9t\u00e9 intellectuelle collective de ce patrimoine culturel, de ce savoir traditionnel et de ces expressions culturelles traditionnelles.\u201d<\/p>\n<p>Les restaurateur\u00b7rice\u00b7s examinent, analysent, identifient, enregistrent et pr\u00e9sentent r\u00e9guli\u00e8rement des informations sur les biens appartenant aux peuples autochtones. Comment pouvons-nous garantir que ces activit\u00e9s courantes en conservation-restauration respectent les droits de propri\u00e9t\u00e9 intellectuelle des peuples autochtones ? Ce panel d&rsquo;expert\u00b7e\u00b7s autochtones discutera des moyens par lesquels les aspects conventionnels, et souvent peu remis en question, des pratiques de conservation-restauration peuvent \u00eatre adapt\u00e9s pour r\u00e9pondre aux normes et protocoles autochtones.[\/vc_column_text][\/vc_column][\/vc_row][vc_row][vc_column][vc_separator color=\u00a0\u00bbcustom\u00a0\u00bb css=\u00a0\u00bb\u00a0\u00bb accent_color=\u00a0\u00bb#CAB74C\u00a0\u00bb][\/vc_column][\/vc_row][vc_row][vc_column][vc_column_text css=\u00a0\u00bb.vc_custom_1753626490073{margin-bottom: 0px !important;}\u00a0\u00bb]<strong>\u00c9v\u00e9nement du comit\u00e9 des restaurateurs \u00e9mergents (CR\u00c9)<\/strong><br \/>\n<strong>Biblioth\u00e8que vivante sur la conservation et la restauration<\/strong><br \/>\n<strong>Lieu \u00e0 d\u00e9terminer<\/strong><br \/>\n<strong>Mercredi 22 Octobre; 19:00-21:00 <\/strong>[\/vc_column_text][vc_column_text css=\u00a0\u00bb.vc_custom_1753626503983{margin-bottom: 0px !important;}\u00a0\u00bb]Cet \u00e9v\u00e9nement, organis\u00e9 par le CR\u00c9, proposera des stations de discussion o\u00f9 des coll\u00e8gues seniors et retrait\u00e9\u00b7e\u00b7s se tiendront \u00e0 disposition sous forme de \u00ab livres \u00bb pour discuter avec de petits groupes de restaurateur\u00b7rice\u00b7s sur divers sujets professionnels. Bien que cet \u00e9v\u00e9nement vise principalement \u00e0 offrir une exp\u00e9rience pr\u00e9cieuse aux professionnel\u00b7le\u00b7s \u00e9mergente\u00b7e\u00b7s, les restaurateur\u00b7rice\u00b7s \u00e0 tous les stades de leur carri\u00e8re sont encourag\u00e9\u00b7e\u00b7s \u00e0 y participer.[\/vc_column_text][\/vc_column][\/vc_row][vc_row][vc_column][vc_separator color=\u00a0\u00bbcustom\u00a0\u00bb css=\u00a0\u00bb\u00a0\u00bb accent_color=\u00a0\u00bb#CAB74C\u00a0\u00bb][\/vc_column][\/vc_row][vc_row id=\u00a0\u00bbsilencieux\u00a0\u00bb][vc_column][vc_column_text css=\u00a0\u00bb.vc_custom_1753626588178{margin-bottom: 0px !important;}\u00a0\u00bb]<strong>R\u00e9ception et presentation \u00e0 la m\u00e9moire de Per Guldbeck <\/strong><br \/>\n<strong>Grand Hall, MCH<\/strong><br \/>\n<strong>Jeudi 23 Octobre; 19:00-21:00<\/strong>[\/vc_column_text][vc_column_text css=\u00a0\u00bb.vc_custom_1753626602800{margin-bottom: 0px !important;}\u00a0\u00bb]Mot de bienvenue d\u2019un A\u00een\u00e9, ench\u00e8res silencieuses, remise des prix<br \/>\nPr\u00e9sentation \u00e0 la m\u00e9moire de Per Guldbeck: Gayle McIntyre[\/vc_column_text][vc_column_text css=\u00a0\u00bb.vc_custom_1756170567821{margin-bottom: 0px !important;}\u00a0\u00bb]<strong>Encan silencieux du Congr\u00e8s annuel de l\u2019ACCR<\/strong><br \/>\n<strong>Appwl aux dons !<\/strong><\/p>\n<p>Nous sommes \u00e0 la recherche de dons d\u2019articles pour notre encan silencieux annuel! Les ench\u00e8res seront faites en personne pendant la r\u00e9ception le 23 octobre 2025.<\/p>\n<p>Veuillez remplir le formulaire que vous trouverez \u00e0 partir de <a href=\"https:\/\/www.cac-accr.ca\/wp-content\/uploads\/2025\/08\/2025formulairededonpourlencansilencieux.docx\" target=\"_blank\" rel=\"noopener\">ce lien<\/a> et envoyez-le par courriel, accompagn\u00e9 d\u2019une photo en format jpeg si possible, \u00e0 <a href=\"mailto:auction-encan@cac-accr.ca\" target=\"_blank\" rel=\"noopener\">auction-encan@cac-accr.ca<\/a>. <strong>Utilisez UN formulaire pour CHAQUE article donn\u00e9.<\/strong><\/p>\n<p>Veuillez envoyer le tout le plus t\u00f4t possible \u2013 les formulaires doivent \u00eatre re\u00e7us d\u2019ici le <strong>1er octobre 2025<\/strong> au plus tard. Les instructions pour l\u2019envoi ou la remise des dons se trouvent sur le formulaire.[\/vc_column_text][\/vc_column][\/vc_row][vc_row][vc_column][vc_separator color=\u00a0\u00bbcustom\u00a0\u00bb css=\u00a0\u00bb\u00a0\u00bb accent_color=\u00a0\u00bb#CAB74C\u00a0\u00bb][\/vc_column][\/vc_row][vc_row][vc_column][vc_column_text css=\u00a0\u00bb.vc_custom_1753626620758{margin-bottom: 0px !important;}\u00a0\u00bb]<strong>Soire\u00e9 sp\u00e9ciale <\/strong><br \/>\n<strong>Table ronde sur la conservation-restauration dans la fiction<\/strong><br \/>\n<strong>Centre de recherche, MCH<\/strong><br \/>\n<strong>Vendredi 24 Octobre; 19:00-21:00<\/strong>[\/vc_column_text][vc_column_text css=\u00a0\u00bb.vc_custom_1753626632237{margin-bottom: 0px !important;}\u00a0\u00bb]Rejoignez-nous pour une discussion anim\u00e9e sur la repr\u00e9sentation de la conservation et la restauration dans les \u0153uvres de fiction et sur l&rsquo;importance &#8211; ou non &#8211; de la perception du public \u00e0 l&rsquo;\u00e9gard de notre travail.[\/vc_column_text][\/vc_column][\/vc_row][vc_row][vc_column][vc_text_separator title=\u00a0\u00bbLunch learning et activit\u00e9s\u00a0\u00bb color=\u00a0\u00bbcustom\u00a0\u00bb css=\u00a0\u00bb\u00a0\u00bb accent_color=\u00a0\u00bb#CAB74C\u00a0\u00bb][\/vc_column][\/vc_row][vc_row][vc_column][vc_column_text css=\u00a0\u00bb.vc_custom_1753627834554{margin-bottom: 0px !important;}\u00a0\u00bb]<strong>Midi-causerie : Journal de l\u2019ACCR<\/strong><br \/>\n<strong>R\u00e9daction d&rsquo;articles pour un journal r\u00e9vis\u00e9 par des pair\u00b7e\u00b7s<\/strong><br \/>\n<strong>Centre de recherche, MCH<\/strong><br \/>\n<strong>Jeudi 23 Ooctobre; 12:15-13:15 <\/strong>[\/vc_column_text][vc_column_text css=\u00a0\u00bb.vc_custom_1753627847402{margin-bottom: 0px !important;}\u00a0\u00bb]Vous souhaitez publier vos travaux dans un journal sp\u00e9cialis\u00e9 en conservation-restauration, mais l&rsquo;id\u00e9e d&rsquo;une r\u00e9vision par les pair\u00b7e\u00b7s vous intimide ? Cette s\u00e9ance r\u00e9unira un panel compos\u00e9 d&rsquo;\u00e9diteur\u00b7rice\u00b7s, de r\u00e9viseur\u00b7euse\u00b7s et d&rsquo;auteur\u00b7e\u00b7s publi\u00e9\u00b7e\u00b7s afin de d\u00e9mystifier le processus de publication avec r\u00e9vision par les pair\u00b7e\u00b7s. Gr\u00e2ce \u00e0 des conseils pour pr\u00e9parer un manuscrit, des astuces pour faire face aux critiques et des exemples concrets montrant comment la r\u00e9vision par les pair\u00b7e\u00b7s am\u00e9liore les articles, cette s\u00e9ance vous pr\u00e9parera \u00e0 relever le d\u00e9fi que repr\u00e9sente la soumission d&rsquo;un article \u00e0 une revue r\u00e9vis\u00e9e par les pairs.[\/vc_column_text][\/vc_column][\/vc_row][vc_row][vc_column][vc_separator color=\u00a0\u00bbcustom\u00a0\u00bb css=\u00a0\u00bb\u00a0\u00bb accent_color=\u00a0\u00bb#CAB74C\u00a0\u00bb][\/vc_column][\/vc_row][vc_row][vc_column][vc_column_text css=\u00a0\u00bb.vc_custom_1753627880732{margin-bottom: 0px !important;}\u00a0\u00bb]<strong>Midi-causerie : D\u00e9mystifier les r\u00e9sultats pesticides<\/strong><br \/>\n<strong>D\u00e9mystifier les pesticides &#8211; D\u00e9veloppement des concentrations de d\u00e9pistage pour les analyses de r\u00e9sidus de pesticides sur les biens<\/strong><br \/>\n<strong>Centre de recherche, MCH<\/strong><br \/>\n<strong>Vendredi 24 Ooctobre; 12:00-13:00 <\/strong>[\/vc_column_text][vc_column_text css=\u00a0\u00bb.vc_custom_1753627893562{margin-bottom: 0px !important;}\u00a0\u00bb]Les pesticides sont d\u00e9tect\u00e9s sur une grande partie des biens restitu\u00e9s aux communaut\u00e9s autochtones, ce qui soul\u00e8ve des questions cruciales sur les r\u00e9percussions possibles lors de leur utilisation. Au Canada, l&rsquo;Institut canadien de conservation (ICC) effectue des analyses de pesticides sur les biens culturels, y compris ceux qui sont restitu\u00e9s aux communaut\u00e9s des Premi\u00e8res Nations, des Inuits et des M\u00e9tis. Bien que les communaut\u00e9s re\u00e7oivent un rapport d&rsquo;analyse des pesticides, celui-ci ne leur permet pas toujours de prendre des d\u00e9cisions \u00e9clair\u00e9es quant \u00e0 l&rsquo;utilisation de leurs biens. Pour rem\u00e9dier \u00e0 cette situation, l&rsquo;ICC a engag\u00e9 Stantec afin de d\u00e9velopper des concentrations de d\u00e9pistage des pesticides qui fournissent des indications sur les implications pour la sant\u00e9 humaine selon trois types d\u2019usages courants. Cette s\u00e9ance abordera la mani\u00e8re dont les concentrations de d\u00e9pistage pour l&rsquo;analyse des pesticides sont \u00e9tablis, leurs avantages et leurs limites, ainsi que la mani\u00e8re dont elles peuvent \u00eatre utilis\u00e9es en conjonction avec un rapport d&rsquo;analyse pour \u00e9clairer la prise de d\u00e9cision. La s\u00e9ance r\u00e9unira une scientifique, une restauratrice et une sp\u00e9cialiste de l&rsquo;\u00e9valuation des risques.[\/vc_column_text][\/vc_column][\/vc_row][vc_row][vc_column][vc_separator color=\u00a0\u00bbcustom\u00a0\u00bb css=\u00a0\u00bb\u00a0\u00bb accent_color=\u00a0\u00bb#CAB74C\u00a0\u00bb][\/vc_column][\/vc_row][vc_row][vc_column][vc_column_text css=\u00a0\u00bb.vc_custom_1753628448114{margin-bottom: 0px !important;}\u00a0\u00bb]<strong>Midi-causerie : ACRP Portfolios<\/strong><br \/>\n<strong>Centre de recherche, MCH<\/strong><br \/>\n<strong>Samedi 25 Ooctobre; 12:00-13:00 <\/strong>[\/vc_column_text][vc_column_text css=\u00a0\u00bb.vc_custom_1753628455234{margin-bottom: 0px !important;}\u00a0\u00bb][\/vc_column_text][\/vc_column][\/vc_row][vc_row][vc_column][vc_separator color=\u00a0\u00bbcustom\u00a0\u00bb css=\u00a0\u00bb\u00a0\u00bb accent_color=\u00a0\u00bb#CAB74C\u00a0\u00bb][\/vc_column][\/vc_row][vc_row][vc_column][vc_column_text css=\u00a0\u00bb.vc_custom_1753628674369{margin-bottom: 0px !important;}\u00a0\u00bb]<strong>Visite guid\u00e9e des collections du Mus\u00e9e canadien de l&rsquo;historie (MCH)<\/strong><br \/>\n<strong>Jeudi 23 Ooctobre; 12:30-13:30<\/strong><br \/>\n<strong>Vendredi 24 Ooctobre; 12:15-13:00<\/strong><br \/>\n<strong>Samdei 25 Octobre; 12:00-13:00<\/strong>[\/vc_column_text][vc_column_text css=\u00a0\u00bb.vc_custom_1753628689949{margin-bottom: 0px !important;}\u00a0\u00bb]Joignez-vous au personnel des collections du MCH pour visiter diverses r\u00e9serves et d\u00e9couvrir les processus, les programmes et les approches mises en \u0153uvre pour soutenir l&rsquo;utilisation et la pr\u00e9servation de cette collection vivante.[\/vc_column_text][\/vc_column][\/vc_row][vc_row][vc_column][vc_separator color=\u00a0\u00bbcustom\u00a0\u00bb css=\u00a0\u00bb\u00a0\u00bb accent_color=\u00a0\u00bb#CAB74C\u00a0\u00bb][\/vc_column][\/vc_row][vc_row][vc_column][vc_column_text css=\u00a0\u00bb.vc_custom_1753628761249{margin-bottom: 0px !important;}\u00a0\u00bb]<strong>Atelier de reutilisation des sacs des congr\u00e8s de l&rsquo;ACCR <\/strong><br \/>\n<strong>Salon Douglas Cardinal, MCH<\/strong><br \/>\n<strong>Jeudi 23 Ooctobre; 12:00-13:30<\/strong><br \/>\n<strong>Vendredi 24 Ooctobre; 12:00-13:15<\/strong><br \/>\n<strong>Samdei 25 Octobre; 11:45-13:15<\/strong>[\/vc_column_text][vc_column_text css=\u00a0\u00bb.vc_custom_1753628774623{margin-bottom: 0px !important;}\u00a0\u00bb]Apportez un (ou plusieurs) de vos sacs fourre-tout pr\u00e9f\u00e9r\u00e9s des congr\u00e8s pr\u00e9c\u00e9dents et redonnez-leur une nouvelle vie \u00e0 cette station de bricolage libre. N&rsquo;h\u00e9sitez pas \u00e0 apporter votre repas et votre cr\u00e9ativit\u00e9.[\/vc_column_text][\/vc_column][\/vc_row][vc_row disable_element=\u00a0\u00bbyes\u00a0\u00bb][vc_column][vc_column_text css=\u00a0\u00bb.vc_custom_1620612864515{margin-bottom: 0px !important;}\u00a0\u00bb]<strong>Que conservons-nous? R\u00e9flexions sur les pratiques coloniales en conservation<\/strong><br \/>\nMercredi, 26 mai, 2021 de 17h30 \u00e0 19h30 HE<\/p>\n<p><span style=\"font-weight: 400;\">Le Groupe de travail sur la (r\u00e9)conciliation (GTR) de l\u2019ACCR pr\u00e9sente une discussion entre des restaurateu\u00b7trices et des conservateur\u00b7trices autochtones dans le cadre d\u2019une table ronde. Nous esp\u00e9rons que cet \u00e9v\u00e9nement permettra de confronter les biais coloniaux qui existent dans notre profession en examinant le r\u00f4le fondamental des valeurs dans la prise de d\u00e9cision en mati\u00e8re de conservation. Qui prend les d\u00e9cisions en mati\u00e8re de conservation? Quels int\u00e9r\u00eats sont pr\u00e9serv\u00e9s? Et comment pouvons-nous changer nos priorit\u00e9s pour ouvrir la voie \u00e0 de nouvelles possibilit\u00e9s pour nos pratiques?<\/span><\/p>\n<p><span style=\"font-weight: 400;\">Cet \u00e9v\u00e9nement se d\u00e9roulera en anglais, avec des sous-titres en anglais.\u00a0 <a href=\"https:\/\/www.eventbrite.ca\/e\/what-are-we-conserving-reflections-on-colonial-practices-in-conservation-tickets-152760796655\" target=\"_blank\" rel=\"noopener\">Inscrivez-vous ici !<\/a><\/span>[\/vc_column_text][mk_image src=\u00a0\u00bbhttps:\/\/www.cac-accr.ca\/wp-content\/uploads\/2021\/05\/rwgpanel2021-banner-1-scaled.jpg\u00a0\u00bb image_size=\u00a0\u00bblarge\u00a0\u00bb link=\u00a0\u00bbhttps:\/\/www.eventbrite.ca\/e\/what-are-we-conserving-reflections-on-colonial-practices-in-conservation-tickets-152760796655&Prime; target=\u00a0\u00bb_blank\u00a0\u00bb][\/vc_column][\/vc_row]\n<\/div>","protected":false},"excerpt":{"rendered":"<p>[vc_row][vc_column][vc_text_separator title=\u00a0\u00bbVisites Pr\u00e9congr\u00e8s\u00a0\u00bb color=\u00a0\u00bbcustom\u00a0\u00bb css=\u00a0\u00bb\u00a0\u00bb accent_color=\u00a0\u00bb#CAB74C\u00a0\u00bb][\/vc_column][\/vc_row][vc_row][vc_column][vc_column_text css=\u00a0\u00bb.vc_custom_1753744531778{margin-bottom: 0px !important;}\u00a0\u00bb] Visites Mercredi 22 Octobre Les frais pour les visites sont inclus dans le prix d\u2019inscription au congr\u00e8s 8:00-9:00 Rendez-vous covoiturage Centre de recherche, MCH[\/vc_column_text][vc_column_text css=\u00a0\u00bb.vc_custom_1753629178839{margin-bottom: 0px !important;}\u00a0\u00bb]9:30-11:30 Institut canadien de conservation Visite des laboratoires pour en apprendre davantage sur les projets en cours et discussion avec [&hellip;]<\/p>\n","protected":false},"author":271,"featured_media":0,"parent":5226,"menu_order":0,"comment_status":"closed","ping_status":"closed","template":"","meta":{"_acf_changed":false,"rs_blank_template":"","rs_page_bg_color":"","slide_template_v7":"","footnotes":""},"class_list":["post-12235","page","type-page","status-publish","hentry"],"acf":[],"yoast_head":"<!-- This site is optimized with the Yoast SEO plugin v27.5 - https:\/\/yoast.com\/product\/yoast-seo-wordpress\/ -->\n<title>\u00c9v\u00e9nements et visites du congr\u00e8s - l&#039;Association canadienne pour la conservation et la restauration des biens culturels<\/title>\n<meta name=\"robots\" content=\"index, follow, max-snippet:-1, max-image-preview:large, max-video-preview:-1\" \/>\n<link rel=\"canonical\" href=\"https:\/\/www.cac-accr.ca\/fr\/nos-congres\/evenements-du-congres\/\" \/>\n<meta property=\"og:locale\" content=\"fr_FR\" \/>\n<meta property=\"og:type\" content=\"article\" \/>\n<meta property=\"og:title\" content=\"\u00c9v\u00e9nements et visites du congr\u00e8s - l&#039;Association canadienne pour la conservation et la restauration des biens culturels\" \/>\n<meta property=\"og:description\" content=\"[vc_row][vc_column][vc_text_separator title=\u00a0\u00bbVisites Pr\u00e9congr\u00e8s\u00a0\u00bb color=\u00a0\u00bbcustom\u00a0\u00bb css=\u00a0\u00bb\u00a0\u00bb accent_color=\u00a0\u00bb#CAB74C\u00a0\u00bb][\/vc_column][\/vc_row][vc_row][vc_column][vc_column_text css=\u00a0\u00bb.vc_custom_1753744531778{margin-bottom: 0px !important;}\u00a0\u00bb] Visites Mercredi 22 Octobre Les frais pour les visites sont inclus dans le prix d\u2019inscription au congr\u00e8s 8:00-9:00 Rendez-vous covoiturage Centre de recherche, MCH[\/vc_column_text][vc_column_text css=\u00a0\u00bb.vc_custom_1753629178839{margin-bottom: 0px !important;}\u00a0\u00bb]9:30-11:30 Institut canadien de conservation Visite des laboratoires pour en apprendre davantage sur les projets en cours et discussion avec [&hellip;]\" \/>\n<meta property=\"og:url\" content=\"https:\/\/www.cac-accr.ca\/fr\/nos-congres\/evenements-du-congres\/\" \/>\n<meta property=\"og:site_name\" content=\"l&#039;Association canadienne pour la conservation et la restauration des biens culturels\" \/>\n<meta property=\"article:publisher\" content=\"https:\/\/www.facebook.com\/Canadian-Association-for-Conservation-of-Cultural-Property-289264431135291\/\" \/>\n<meta property=\"article:modified_time\" content=\"2025-08-26T01:16:55+00:00\" \/>\n<meta name=\"twitter:card\" content=\"summary_large_image\" \/>\n<meta name=\"twitter:site\" content=\"@CAC_ACCR\" \/>\n<meta name=\"twitter:label1\" content=\"Dur\u00e9e de lecture estim\u00e9e\" \/>\n\t<meta name=\"twitter:data1\" content=\"6 minutes\" \/>\n<script type=\"application\/ld+json\" class=\"yoast-schema-graph\">{\"@context\":\"https:\\\/\\\/schema.org\",\"@graph\":[{\"@type\":\"WebPage\",\"@id\":\"https:\\\/\\\/www.cac-accr.ca\\\/fr\\\/nos-congres\\\/evenements-du-congres\\\/\",\"url\":\"https:\\\/\\\/www.cac-accr.ca\\\/fr\\\/nos-congres\\\/evenements-du-congres\\\/\",\"name\":\"\u00c9v\u00e9nements et visites du congr\u00e8s - l'Association canadienne pour la conservation et la restauration des biens culturels\",\"isPartOf\":{\"@id\":\"https:\\\/\\\/www.cac-accr.ca\\\/fr\\\/#website\"},\"datePublished\":\"2019-12-10T01:24:23+00:00\",\"dateModified\":\"2025-08-26T01:16:55+00:00\",\"breadcrumb\":{\"@id\":\"https:\\\/\\\/www.cac-accr.ca\\\/fr\\\/nos-congres\\\/evenements-du-congres\\\/#breadcrumb\"},\"inLanguage\":\"fr-FR\",\"potentialAction\":[{\"@type\":\"ReadAction\",\"target\":[\"https:\\\/\\\/www.cac-accr.ca\\\/fr\\\/nos-congres\\\/evenements-du-congres\\\/\"]}]},{\"@type\":\"BreadcrumbList\",\"@id\":\"https:\\\/\\\/www.cac-accr.ca\\\/fr\\\/nos-congres\\\/evenements-du-congres\\\/#breadcrumb\",\"itemListElement\":[{\"@type\":\"ListItem\",\"position\":1,\"name\":\"Home\",\"item\":\"https:\\\/\\\/www.cac-accr.ca\\\/fr\\\/\"},{\"@type\":\"ListItem\",\"position\":2,\"name\":\"Nos Congr\u00e8s\",\"item\":\"https:\\\/\\\/www.cac-accr.ca\\\/fr\\\/nos-congres\\\/\"},{\"@type\":\"ListItem\",\"position\":3,\"name\":\"\u00c9v\u00e9nements et visites du congr\u00e8s\"}]},{\"@type\":\"WebSite\",\"@id\":\"https:\\\/\\\/www.cac-accr.ca\\\/fr\\\/#website\",\"url\":\"https:\\\/\\\/www.cac-accr.ca\\\/fr\\\/\",\"name\":\"Canadian Association for Conservation of Cultural Property\",\"description\":\"\",\"publisher\":{\"@id\":\"https:\\\/\\\/www.cac-accr.ca\\\/fr\\\/#organization\"},\"potentialAction\":[{\"@type\":\"SearchAction\",\"target\":{\"@type\":\"EntryPoint\",\"urlTemplate\":\"https:\\\/\\\/www.cac-accr.ca\\\/fr\\\/?s={search_term_string}\"},\"query-input\":{\"@type\":\"PropertyValueSpecification\",\"valueRequired\":true,\"valueName\":\"search_term_string\"}}],\"inLanguage\":\"fr-FR\"},{\"@type\":\"Organization\",\"@id\":\"https:\\\/\\\/www.cac-accr.ca\\\/fr\\\/#organization\",\"name\":\"Canadian Association for Conservation of Cultural Property (CAC)\",\"url\":\"https:\\\/\\\/www.cac-accr.ca\\\/fr\\\/\",\"logo\":{\"@type\":\"ImageObject\",\"inLanguage\":\"fr-FR\",\"@id\":\"https:\\\/\\\/www.cac-accr.ca\\\/fr\\\/#\\\/schema\\\/logo\\\/image\\\/\",\"url\":\"https:\\\/\\\/www.cac-accr.ca\\\/wp-content\\\/uploads\\\/2017\\\/11\\\/cac-accr-logo.png\",\"contentUrl\":\"https:\\\/\\\/www.cac-accr.ca\\\/wp-content\\\/uploads\\\/2017\\\/11\\\/cac-accr-logo.png\",\"width\":390,\"height\":140,\"caption\":\"Canadian Association for Conservation of Cultural Property (CAC)\"},\"image\":{\"@id\":\"https:\\\/\\\/www.cac-accr.ca\\\/fr\\\/#\\\/schema\\\/logo\\\/image\\\/\"},\"sameAs\":[\"https:\\\/\\\/www.facebook.com\\\/Canadian-Association-for-Conservation-of-Cultural-Property-289264431135291\\\/\",\"https:\\\/\\\/x.com\\\/CAC_ACCR\",\"https:\\\/\\\/www.instagram.com\\\/cac_accr\\\/\"]}]}<\/script>\n<!-- \/ Yoast SEO plugin. -->","yoast_head_json":{"title":"\u00c9v\u00e9nements et visites du congr\u00e8s - l'Association canadienne pour la conservation et la restauration des biens culturels","robots":{"index":"index","follow":"follow","max-snippet":"max-snippet:-1","max-image-preview":"max-image-preview:large","max-video-preview":"max-video-preview:-1"},"canonical":"https:\/\/www.cac-accr.ca\/fr\/nos-congres\/evenements-du-congres\/","og_locale":"fr_FR","og_type":"article","og_title":"\u00c9v\u00e9nements et visites du congr\u00e8s - l'Association canadienne pour la conservation et la restauration des biens culturels","og_description":"[vc_row][vc_column][vc_text_separator title=\u00a0\u00bbVisites Pr\u00e9congr\u00e8s\u00a0\u00bb color=\u00a0\u00bbcustom\u00a0\u00bb css=\u00a0\u00bb\u00a0\u00bb accent_color=\u00a0\u00bb#CAB74C\u00a0\u00bb][\/vc_column][\/vc_row][vc_row][vc_column][vc_column_text css=\u00a0\u00bb.vc_custom_1753744531778{margin-bottom: 0px !important;}\u00a0\u00bb] Visites Mercredi 22 Octobre Les frais pour les visites sont inclus dans le prix d\u2019inscription au congr\u00e8s 8:00-9:00 Rendez-vous covoiturage Centre de recherche, MCH[\/vc_column_text][vc_column_text css=\u00a0\u00bb.vc_custom_1753629178839{margin-bottom: 0px !important;}\u00a0\u00bb]9:30-11:30 Institut canadien de conservation Visite des laboratoires pour en apprendre davantage sur les projets en cours et discussion avec [&hellip;]","og_url":"https:\/\/www.cac-accr.ca\/fr\/nos-congres\/evenements-du-congres\/","og_site_name":"l'Association canadienne pour la conservation et la restauration des biens culturels","article_publisher":"https:\/\/www.facebook.com\/Canadian-Association-for-Conservation-of-Cultural-Property-289264431135291\/","article_modified_time":"2025-08-26T01:16:55+00:00","twitter_card":"summary_large_image","twitter_site":"@CAC_ACCR","twitter_misc":{"Dur\u00e9e de lecture estim\u00e9e":"6 minutes"},"schema":{"@context":"https:\/\/schema.org","@graph":[{"@type":"WebPage","@id":"https:\/\/www.cac-accr.ca\/fr\/nos-congres\/evenements-du-congres\/","url":"https:\/\/www.cac-accr.ca\/fr\/nos-congres\/evenements-du-congres\/","name":"\u00c9v\u00e9nements et visites du congr\u00e8s - l'Association canadienne pour la conservation et la restauration des biens culturels","isPartOf":{"@id":"https:\/\/www.cac-accr.ca\/fr\/#website"},"datePublished":"2019-12-10T01:24:23+00:00","dateModified":"2025-08-26T01:16:55+00:00","breadcrumb":{"@id":"https:\/\/www.cac-accr.ca\/fr\/nos-congres\/evenements-du-congres\/#breadcrumb"},"inLanguage":"fr-FR","potentialAction":[{"@type":"ReadAction","target":["https:\/\/www.cac-accr.ca\/fr\/nos-congres\/evenements-du-congres\/"]}]},{"@type":"BreadcrumbList","@id":"https:\/\/www.cac-accr.ca\/fr\/nos-congres\/evenements-du-congres\/#breadcrumb","itemListElement":[{"@type":"ListItem","position":1,"name":"Home","item":"https:\/\/www.cac-accr.ca\/fr\/"},{"@type":"ListItem","position":2,"name":"Nos Congr\u00e8s","item":"https:\/\/www.cac-accr.ca\/fr\/nos-congres\/"},{"@type":"ListItem","position":3,"name":"\u00c9v\u00e9nements et visites du congr\u00e8s"}]},{"@type":"WebSite","@id":"https:\/\/www.cac-accr.ca\/fr\/#website","url":"https:\/\/www.cac-accr.ca\/fr\/","name":"Canadian Association for Conservation of Cultural Property","description":"","publisher":{"@id":"https:\/\/www.cac-accr.ca\/fr\/#organization"},"potentialAction":[{"@type":"SearchAction","target":{"@type":"EntryPoint","urlTemplate":"https:\/\/www.cac-accr.ca\/fr\/?s={search_term_string}"},"query-input":{"@type":"PropertyValueSpecification","valueRequired":true,"valueName":"search_term_string"}}],"inLanguage":"fr-FR"},{"@type":"Organization","@id":"https:\/\/www.cac-accr.ca\/fr\/#organization","name":"Canadian Association for Conservation of Cultural Property (CAC)","url":"https:\/\/www.cac-accr.ca\/fr\/","logo":{"@type":"ImageObject","inLanguage":"fr-FR","@id":"https:\/\/www.cac-accr.ca\/fr\/#\/schema\/logo\/image\/","url":"https:\/\/www.cac-accr.ca\/wp-content\/uploads\/2017\/11\/cac-accr-logo.png","contentUrl":"https:\/\/www.cac-accr.ca\/wp-content\/uploads\/2017\/11\/cac-accr-logo.png","width":390,"height":140,"caption":"Canadian Association for Conservation of Cultural Property (CAC)"},"image":{"@id":"https:\/\/www.cac-accr.ca\/fr\/#\/schema\/logo\/image\/"},"sameAs":["https:\/\/www.facebook.com\/Canadian-Association-for-Conservation-of-Cultural-Property-289264431135291\/","https:\/\/x.com\/CAC_ACCR","https:\/\/www.instagram.com\/cac_accr\/"]}]}},"_links":{"self":[{"href":"https:\/\/www.cac-accr.ca\/fr\/wp-json\/wp\/v2\/pages\/12235","targetHints":{"allow":["GET"]}}],"collection":[{"href":"https:\/\/www.cac-accr.ca\/fr\/wp-json\/wp\/v2\/pages"}],"about":[{"href":"https:\/\/www.cac-accr.ca\/fr\/wp-json\/wp\/v2\/types\/page"}],"author":[{"embeddable":true,"href":"https:\/\/www.cac-accr.ca\/fr\/wp-json\/wp\/v2\/users\/271"}],"replies":[{"embeddable":true,"href":"https:\/\/www.cac-accr.ca\/fr\/wp-json\/wp\/v2\/comments?post=12235"}],"version-history":[{"count":11,"href":"https:\/\/www.cac-accr.ca\/fr\/wp-json\/wp\/v2\/pages\/12235\/revisions"}],"predecessor-version":[{"id":26492,"href":"https:\/\/www.cac-accr.ca\/fr\/wp-json\/wp\/v2\/pages\/12235\/revisions\/26492"}],"up":[{"embeddable":true,"href":"https:\/\/www.cac-accr.ca\/fr\/wp-json\/wp\/v2\/pages\/5226"}],"wp:attachment":[{"href":"https:\/\/www.cac-accr.ca\/fr\/wp-json\/wp\/v2\/media?parent=12235"}],"curies":[{"name":"wp","href":"https:\/\/api.w.org\/{rel}","templated":true}]}}