{"id":161,"date":"2017-12-10T15:32:41","date_gmt":"2017-12-10T15:32:41","guid":{"rendered":"https:\/\/www.www.cac-accr.ca\/quest-ce-que-la-restauration\/"},"modified":"2025-07-18T18:23:34","modified_gmt":"2025-07-18T22:23:34","slug":"quest-ce-que-la-restauration","status":"publish","type":"page","link":"https:\/\/www.cac-accr.ca\/fr\/quest-ce-que-la-restauration\/","title":{"rendered":"Qu\u2019est-ce que la restauration?"},"content":{"rendered":"<div class=\"wpb-content-wrapper\">[vc_row][vc_column][vc_column_text css=\u00a0\u00bb.vc_custom_1606188427463{margin-bottom: 0px !important;}\u00a0\u00bb]La restauration est l\u2019ensemble des mesures visant \u00e0 prot\u00e9ger le patrimoine culturel pour le futur. L\u2019objectif de la restauration est d\u2019\u00e9tudier, de documenter et de conserver les qualit\u00e9s importantes sur le plan culturel d\u2019un objet tout en limitant le plus possible les interventions. La restauration englobe l\u2019examen, la documentation, la conservation pr\u00e9ventive, la pr\u00e9servation, la restauration et la reconstruction.<\/p>\n<p>Gr\u00e2ce \u00e0 leur formation et \u00e0 leur exp\u00e9rience, et guid\u00e9s par un <a href=\"https:\/\/www.cac-accr.ca\/wp-content\/uploads\/dlm_uploads\/2017\/12\/fcode.pdf\" target=\"_blank\" rel=\"noopener noreferrer\">Code d\u2019\u00e9thique<\/a>, les restaurateurs sont en mesure de proposer les solutions les plus efficaces pour prendre soin d\u2019un objet et le traiter selon la situation, en plus de pouvoir d\u00e9terminer comment le traitement doit se d\u00e9rouler.<\/p>\n<p><strong><a href=\"https:\/\/www.cac-accr.ca\/wp-content\/uploads\/dlm_uploads\/2020\/11\/2020-cac-capc-brochure.pdf\" target=\"_blank\" rel=\"noopener noreferrer\">T\u00e9l\u00e9charger notre brochure<\/a><\/strong><\/p>\n<p><strong>Les restaurateurs adoptent les principes de conservation pr\u00e9ventive<\/strong>, ce qui comprend les mesures concernant l\u2019environnement dans lequel un objet se trouve afin d\u2019\u00e9viter les d\u00e9g\u00e2ts caus\u00e9s par des agents de d\u00e9t\u00e9rioration. Les principales causes de d\u00e9t\u00e9rioration sont les forces physiques, les voleurs et les vandales, le feu, l\u2019eau, les parasites, les polluants, la lumi\u00e8re, les rayons ultraviolets, la temp\u00e9rature inad\u00e9quate, l\u2019humidit\u00e9 relative inad\u00e9quate et la dissociation.<\/p>\n<p><strong>Les restaurateurs ont pour philosophie que moins donne plus.<\/strong> Une intervention de restauration trop importante peut causer une perte de renseignements sur la fa\u00e7on dont un objet a \u00e9t\u00e9 fabriqu\u00e9 et sur ce qui lui est arriv\u00e9. La restauration ne veut pas dire de remettre un objet en parfaite condition. Le degr\u00e9 d\u2019intervention est choisi en consultation avec le propri\u00e9taire ou gardien de l\u2019objet.<\/p>\n<p><strong>Les restaurateurs respectent l\u2019histoire de l\u2019objet.<\/strong> La pr\u00e9servation d\u2019un objet ne se limite pas n\u00e9cessairement aux mat\u00e9riaux d\u2019origine. Les r\u00e9parations ou modifications ant\u00e9rieures, ou les traces d\u2019utilisation, comme l\u2019usure des outils, peuvent avoir une valeur historique.<\/p>\n<p><strong>Les restaurateurs comprennent les mat\u00e9riaux<\/strong>. Les mat\u00e9riaux employ\u00e9s par un restaurateur doivent, autant que possible, pouvoir \u00eatre enlev\u00e9s ult\u00e9rieurement et ne doivent pas entra\u00eener des dommages subs\u00e9quents. De nombreux mat\u00e9riaux, y compris bon nombre de plastiques, papiers, adh\u00e9sifs, rembourrages, rev\u00eatements et d\u00e9tergents ne r\u00e9pondent pas \u00e0 ces crit\u00e8res.<\/p>\n<p><strong>Les restaurateurs savent distinguer les r\u00e9parations de l\u2019\u00e9tat original<\/strong>. Bien que les traitements passent souvent inaper\u00e7us, il faut toujours s\u2019assurer qu\u2019il soit possible de distinguer, apr\u00e8s un examen approfondi ou par d\u2019autres moyens, la diff\u00e9rence entre les mat\u00e9riaux d\u2019origine et la r\u00e9paration. La documentation des traitements joue donc un r\u00f4le crucial dans la possibilit\u00e9 de distinguer un \u00e9l\u00e9ment original d\u2019un ajout.<\/p>\n<p><strong>Les restaurateurs assurent le suivi \u00e9crit et photographique de leur travail<\/strong> afin de documenter l\u2019\u00e9tat de l\u2019objet avant et apr\u00e8s un traitement, en plus du traitement lui-m\u00eame. Ces renseignements servent de r\u00e9f\u00e9rence au propri\u00e9taire, au conservateur, aux chercheurs ou aux restaurateurs.[\/vc_column_text][\/vc_column][\/vc_row][vc_row id=\u00a0\u00bbbecome-a-conservator\u00a0\u00bb][vc_column][vc_column_text align=\u00a0\u00bbcenter\u00a0\u00bb css=\u00a0\u00bb.vc_custom_1512695925604{margin-bottom: 0px !important;}\u00a0\u00bb]\n<h2>Devenir restaurateur<\/h2>\n[\/vc_column_text][\/vc_column][\/vc_row][vc_row][vc_column][vc_column_text css=\u00a0\u00bb.vc_custom_1569379005108{margin-bottom: 0px !important;}\u00a0\u00bb]Les restaurateurs poss\u00e8dent l\u2019instruction, les connaissances, les aptitudes et l\u2019exp\u00e9rience pour \u00e9laborer et r\u00e9aliser les activit\u00e9s de restauration conform\u00e9ment \u00e0 un <a href=\"https:\/\/www.cac-accr.ca\/wp-content\/uploads\/dlm_uploads\/2017\/12\/fcode.pdf\" target=\"_blank\" rel=\"noopener noreferrer\">code d\u2019\u00e9thique<\/a> \u00e9tabli. Les restaurateurs sont souvent d\u00e9sign\u00e9s en fonction de leur domaine de sp\u00e9cialisation, par exemple, les restaurateurs d\u2019objets, de tableaux, de textiles, de papier, de meubles ainsi que les scientifiques de la restauration. Au Canada, la formation en restauration est g\u00e9n\u00e9ralement dispens\u00e9e dans des \u00e9tablissements scolaires et l\u2019exp\u00e9rience s\u2019acquiert dans le cadre de stages et d\u2019occasions de perfectionnement professionnel.[\/vc_column_text][\/vc_column][\/vc_row][vc_row id=\u00a0\u00bbtraining\u00a0\u00bb][vc_column][vc_column_text align=\u00a0\u00bbcenter\u00a0\u00bb css=\u00a0\u00bb.vc_custom_1512696063614{margin-bottom: 0px !important;}\u00a0\u00bb]\n<h2>Les programmes de formation en restauration au Canada<\/h2>\n[\/vc_column_text][\/vc_column][\/vc_row][vc_row][vc_column][vc_column_text css=\u00a0\u00bb.vc_custom_1703103900379{margin-bottom: 0px !important;}\u00a0\u00bb]Au Canada, les programmes de formation peuvent se d\u00e9dier uniquement \u00e0 la restauration ou comprendre des cours de soins des collections dans le cadre d\u2019un programme d\u2019\u00e9tudes \u00e9largi. Pour r\u00e9ussir en restauration, il faut d\u00e9tenir une profonde connaissance de l\u2019histoire de l\u2019art et des mat\u00e9riaux en plus de ma\u00eetriser les sciences (la chimie et la physique en particulier), ce qui forme les fondements de la prise de d\u00e9cision dans le contexte des principes \u00e9thiques accept\u00e9s en restauration. L\u2019orientation du programme peut varier en ce qui a trait \u00e0 l\u2019exp\u00e9rience en traitement de restauration, aux soins g\u00e9n\u00e9raux des collections et aux autres activit\u00e9s connexes. Les exigences d\u2019admission et le nombre d\u2019inscriptions varient selon les \u00e9tablissements; l\u2019ACCR vous recommande d\u2019explorer les divers domaines de la conservation-restauration et d\u2019\u00e9valuer chaque programme avant de faire votre choix.<\/p>\n<ul>\n<li>Coll\u00e8ge Algonquin\u00a0: Dipl\u00f4me sp\u00e9cialis\u00e9, \u00e9tudes mus\u00e9ales appliqu\u00e9es<\/li>\n<li>Universit\u00e9 Athabasca : Certificat, gestion des ressources patrimoniales<\/li>\n<li>Universit\u00e9 Athabasca\u00a0: Dipl\u00f4me d\u2019\u00e9tudes post-baccalaur\u00e9at, gestion des ressources patrimoniales<\/li>\n<li>Universit\u00e9 Carleton\u00a0: Dipl\u00f4me d\u2019\u00e9tudes sup\u00e9rieures, conservation de l\u2019architecture<\/li>\n<li>Coll\u00e8ge Fleming\u00a0: Certificat d&rsquo;\u00e9tudes sup\u00e9rieures, conservation et gestion du patrimoine culturel<\/li>\n<li>Coll\u00e8ge Fleming : Certificat d&rsquo;\u00e9tudes sup\u00e9rieures, gestion et conservation mus\u00e9ales<\/li>\n<li>Coll\u00e8ge Montmorency : Dipl\u00f4me d&rsquo;\u00e9tudes coll\u00e9giales, Techniques de mus\u00e9ologie<\/li>\n<li>Universit\u00e9 Queen\u2019s\u00a0: Ma\u00eetrise en restauration de l\u2019art, avec sp\u00e9cialisation en tableaux, papier, artefacts ou science de la restauration<\/li>\n<li>Universit\u00e9 Metropolitaine de Toronto : Ma\u00eetrise en arts, pr\u00e9servation et gestions des collections de films et de photographies<\/li>\n<li>Universit\u00e9 de Victoria\u00a0: Certificat de sp\u00e9cialisation professionnelle, gestion des collections<\/li>\n<li>Willowbank School of Restoration Arts\u00a0: Dipl\u00f4me, conservation du patrimoine<\/li>\n<\/ul>\n[\/vc_column_text][\/vc_column][\/vc_row][vc_row fullwidth=\u00a0\u00bbtrue\u00a0\u00bb css=\u00a0\u00bb.vc_custom_1512696679849{margin-top: 80px !important;margin-bottom: 80px !important;padding-top: 250px !important;padding-bottom: 250px !important;background-image: url(https:\/\/www.cac-accr.ca\/wp-content\/uploads\/2017\/11\/banner-garcia_test-zone-refaite.jpg?id=140) !important;background-position: center !important;background-repeat: no-repeat !important;background-size: cover !important;}\u00a0\u00bb][vc_column][vc_column_text margin_bottom=\u00a0\u00bb10&Prime; el_class=\u00a0\u00bbcac-image-caption-250&Prime; css=\u00a0\u00bb.vc_custom_1552334541459{margin-bottom: 0px !important;}\u00a0\u00bb]Image: G. Garcia Conservation, 2016[\/vc_column_text][\/vc_column][\/vc_row][vc_row id=\u00a0\u00bbfind-a-conservator\u00a0\u00bb][vc_column][vc_column_text align=\u00a0\u00bbcenter\u00a0\u00bb css=\u00a0\u00bb.vc_custom_1512696579635{margin-bottom: 0px !important;}\u00a0\u00bb]\n<h2>Trouver un restaurateur<\/h2>\n[\/vc_column_text][\/vc_column][\/vc_row][vc_row][vc_column][vc_column_text css=\u00a0\u00bb.vc_custom_1516499523218{margin-bottom: 0px !important;}\u00a0\u00bb]Les professionnels de la restauration sont form\u00e9s sp\u00e9cifiquement aux soins pr\u00e9ventifs et \u00e0 la stabilisation active des objets dans leur domaine de pr\u00e9dilection. Au moment de choisir et d\u2019embaucher un restaurateur, s\u00e9lectionnez la personne qui selon vous proposera les meilleurs soins possible pour votre objet ou votre collection. L\u2019ACCR recommande aux personnes \u00e0 la recherche des conseils d\u2019un restaurateur de consulter le site Web de <a href=\"http:\/\/capc-acrp.ca\/\" target=\"_blank\" rel=\"noopener noreferrer\">l\u2019Association canadienne des restaurateurs professionnels (ACRP)<\/a>, organisme \u00e0 but non lucratif qui adopte un processus d\u2019accr\u00e9ditation par les pairs comme condition pour devenir membre.[\/vc_column_text][\/vc_column][\/vc_row][vc_row id=\u00a0\u00bbfind-a-conservator\u00a0\u00bb][vc_column][vc_column_text align=\u00a0\u00bbcenter\u00a0\u00bb css=\u00a0\u00bb.vc_custom_1607273575818{margin-bottom: 0px !important;}\u00a0\u00bb]\n<h2>Guide d\u2019embauche en conservation pour les institutions patrimoniales<\/h2>\n[\/vc_column_text][\/vc_column][\/vc_row][vc_row][vc_column][vc_column_text css=\u00a0\u00bb.vc_custom_1607274301613{margin-bottom: 0px !important;}\u00a0\u00bb]<span style=\"font-weight: 400;\">L&rsquo;ACCR et l&rsquo;ACRP ont ont pr\u00e9par\u00e9 conjointement un Guide d&#8217;embauche en conservation afin d\u2019aider les institutions patrimoniales canadiennes \u00e0 d\u00e9terminer le niveau de comp\u00e9tence recherch\u00e9 au moment d\u2019embaucher des professionnelles et professionnels de la pr\u00e9servation ;\u00a0 ainsi qu\u2019\u00e0 obtenir la terminologie appropri\u00e9e pour d\u00e9crire avec pr\u00e9cision les titres de postes et les t\u00e2ches utilis\u00e9s dans le domaine de la conservation \/ pr\u00e9servation.<\/span><\/p>\n<p><span style=\"font-weight: 400;\">Le\u00a0 <\/span><b>Guide d\u2019embauche en conservation pour les institutions patrimoniales <\/b><span style=\"font-weight: 400;\">d&rsquo;une Introduction et d&rsquo;un document d\u00e9crivant huit postes de conservation \/ pr\u00e9servation :<\/span><\/p>\n<ul>\n<li style=\"font-weight: 400;\"><a href=\"https:\/\/www.cac-accr.ca\/fr\/download\/guide-embauche-introduction\/\" target=\"_blank\" rel=\"noopener noreferrer\"><span style=\"font-weight: 400;\">Introduction<\/span><\/a><\/li>\n<li style=\"font-weight: 400;\"><a href=\"https:\/\/www.cac-accr.ca\/fr\/download\/guide-embauche-description-positions\/\" target=\"_blank\" rel=\"noopener noreferrer\"><span style=\"font-weight: 400;\">Descriptions de poste<\/span><\/a><\/li>\n<\/ul>\n<p><span style=\"font-weight: 400;\">Si vous avez besoin d\u2019aide suppl\u00e9mentaire durant le processus d\u2019embauche ou si vous avez des questions \/ commentaires sur le Guide d\u2019embauche en conservation, veuillez <\/span><a href=\"https:\/\/www.cac-accr.ca\/fr\/nous-joindre\/\"><span style=\"font-weight: 400;\">nous contacter<\/span><\/a><span style=\"font-weight: 400;\">.<\/span>[\/vc_column_text][\/vc_column][\/vc_row][vc_row id=\u00a0\u00bbplaidoyer\u00a0\u00bb][vc_column][vc_column_text css=\u00a0\u00bb.vc_custom_1573157715491{margin-bottom: 0px !important;}\u00a0\u00bb]\n<h2 style=\"text-align: center;\">Plaidoyer<\/h2>\n<p>Le Comit\u00e9 Ad Hoc pour la d\u00e9fense de la conservation de l\u2019ACCR a pour mandat de promouvoir la sensibilisation \u00e0 la conservation du patrimoine aux niveaux local, provincial et f\u00e9d\u00e9ral dans le but de cr\u00e9er de nouvelles occasions pour les conservateurs-restaurateurs \u00e9mergents et \u00e9tablis en favorisant l\u2019adoption de nouvelles lois, de nouvelles politiques et de nouveaux programmes de financement.<\/p>\n<p>Le Comit\u00e9 pour la d\u00e9fense de la conservation d\u00e9ploie aussi des efforts pour faire progresser les articles concernant les mus\u00e9es et le patrimoine de la D\u00e9claration des Nations Unies sur les droits des peuples autochtones (articles 5, 11, 12 et 31) et les appels \u00e0 l\u2019action en mati\u00e8re de mus\u00e9es, d\u2019archives et de comm\u00e9moration de la Commission de v\u00e9rit\u00e9 et de r\u00e9conciliation du Canada (appels \u00e0 l\u2019action 67 \u00e0 70, \u00ab\u00a0Mus\u00e9es et archives\u00a0\u00bb et 79 \u00e0 83, \u00ab\u00a0Comm\u00e9moration\u00a0\u00bb).<\/p>\n<p>Le Comit\u00e9 pour la d\u00e9fense de la conservation adopte une strat\u00e9gie de d\u00e9fense des int\u00e9r\u00eats fond\u00e9e sur des campagnes de sensibilisation, l\u2019\u00e9tablissement de liens avec les communaut\u00e9s et intervenants connexes, ainsi que le lobbying public et priv\u00e9. Le comit\u00e9 vise actuellement \u00e0 mettre en place un syst\u00e8me de collaboration communautaire en fournissant des outils et des programmes de d\u00e9fense des int\u00e9r\u00eats qui permettront aux membres de l\u2019ACCR d\u2019assurer la d\u00e9fense des int\u00e9r\u00eats de la conservation-restauration dans leurs propres collectivit\u00e9s.[\/vc_column_text][\/vc_column][\/vc_row][vc_row id=\u00a0\u00bboutils\u00a0\u00bb][vc_column][vc_column_text align=\u00a0\u00bbcenter\u00a0\u00bb css=\u00a0\u00bb.vc_custom_1573157952709{margin-bottom: 0px !important;}\u00a0\u00bb]\n<h2>Bo\u00eete \u00e0 outils de d\u00e9fense des int\u00e9r\u00eats<\/h2>\n[\/vc_column_text][\/vc_column][\/vc_row][vc_row][vc_column][vc_column_text css=\u00a0\u00bb.vc_custom_1573157781374{margin-bottom: 0px !important;}\u00a0\u00bb]Il faut la participation d\u2019une communaut\u00e9 enti\u00e8re pour am\u00e9liorer la sensibilisation du public, susciter l\u2019int\u00e9r\u00eat des divers intervenants et faire en sorte que les d\u00e9cideurs politiques entendent notre voix. C\u2019est pourquoi le comit\u00e9 ad hoc pour la d\u00e9fense de la conservation a rassembl\u00e9 quelques ressources pour soutenir les membres de l\u2019ACCR dans leurs propres efforts de d\u00e9fense des int\u00e9r\u00eats au sein de notre communaut\u00e9.<\/p>\n<p>La Bo\u00eete \u00e0 outils de d\u00e9fense des int\u00e9r\u00eats vous propose un ensemble d\u2019outils et de ressources qui vous aideront \u00e0 aborder les gens pour leur parler de la restauration. Vous donnez une pr\u00e9sentation en public et vous d\u00e9sirez y ajouter des sujets de discussion portant sur la d\u00e9fense des int\u00e9r\u00eats de notre profession? Vous voulez aborder votre conseiller municipal ou votre d\u00e9put\u00e9 \u00e0 propos de sujets qui vous pr\u00e9occupent relativement \u00e0 la restauration? Vous \u00eates simplement \u00e0 la recherche d\u2019id\u00e9es sur la fa\u00e7on d\u2019attirer l\u2019attention sur l\u2019importance de la restauration? Nous avons ce qu\u2019il vous faut.<\/p>\n<p>La Bo\u00eete \u00e0 outils de d\u00e9fense des int\u00e9r\u00eats comprend [connexion de membre requise] :<\/p>\n<ul>\n<li><a href=\"https:\/\/www.cac-accr.ca\/fr\/download\/une-liste-de-25-facons-de-defendre-les-interets-de-la-conservation-restauration\/\" target=\"_blank\" rel=\"noopener noreferrer\">Une liste de \u00ab\u00a025\u00a0fa\u00e7ons de d\u00e9fendre les int\u00e9r\u00eats de la conservation-restauration\u00a0\u00bb<\/a><\/li>\n<li><a href=\"https:\/\/www.cac-accr.ca\/fr\/download\/presentation-sur-la-restauration-et-la-defense-des-interets\/\" target=\"_blank\" rel=\"noopener noreferrer\">Des diapositives de pr\u00e9sentation sur la restauration et la d\u00e9fense des int\u00e9r\u00eats<\/a><\/li>\n<li><a href=\"https:\/\/www.cac-accr.ca\/fr\/download\/lobbying-federal-modele-de-lettre-a-votre-depute\/\" target=\"_blank\" rel=\"noopener noreferrer\">Lobbying f\u00e9d\u00e9ral \u2013 Mod\u00e8le de lettre \u00e0 votre d\u00e9put\u00e9<\/a><\/li>\n<li><a href=\"https:\/\/www.cac-accr.ca\/fr\/download\/lobbying-municipal-modele-de-lettre-a-votre-conseiller-municipal\/\" target=\"_blank\" rel=\"noopener noreferrer\">Lobbying municipal \u2013 Mod\u00e8le de lettre \u00e0 votre conseiller municipal<\/a><\/li>\n<li><a href=\"https:\/\/www.cac-accr.ca\/fr\/download\/exemples-de-conversations-dascenseur\/\" target=\"_blank\" rel=\"noopener noreferrer\">Exemples de conversations d\u2019ascenseur<\/a><\/li>\n<li><a href=\"https:\/\/www.cac-accr.ca\/fr\/download\/guide-dutilisation-des-medias-sociaux-pour-promouvoir-votre-service-ou-pratique-de-restauration\/\" target=\"_blank\" rel=\"noopener noreferrer\">Guide d\u2019utilisation des m\u00e9dias sociaux pour promouvoir votre service ou pratique de restauration\u00a0<\/a><\/li>\n<li><a href=\"https:\/\/www.cac-accr.ca\/fr\/download\/directives-pour-la-redaction-de-communiques-de-presse\/\" target=\"_blank\" rel=\"noopener noreferrer\">Directives pour la r\u00e9daction de communiqu\u00e9s de presse<\/a><\/li>\n<li><a href=\"https:\/\/www.cac-accr.ca\/fr\/download\/ressources-externes-utiles\/\" target=\"_blank\" rel=\"noopener noreferrer\">Ressources externes utiles\u00a0<\/a><\/li>\n<li><a href=\"https:\/\/www.cac-accr.ca\/fr\/download\/reconnaissance-du-territoire\/\" target=\"_blank\" rel=\"noopener noreferrer\">Conseils pour la r\u00e9daction dun \u00e9nonc\u00e9 de reconnaissance de territoire\u00a0<\/a><\/li>\n<\/ul>\n[\/vc_column_text][\/vc_column][\/vc_row][vc_row id=\u00a0\u00bbinitiatives\u00a0\u00bb][vc_column][vc_column_text align=\u00a0\u00bbcenter\u00a0\u00bb css=\u00a0\u00bb.vc_custom_1573157959650{margin-bottom: 0px !important;}\u00a0\u00bb]\n<h2>Initiatives de plaidoyer<\/h2>\n[\/vc_column_text][vc_empty_space][\/vc_column][\/vc_row][vc_row id=\u00a0\u00bbcompensationreport\u00a0\u00bb][vc_column][vc_column_text css=\u00a0\u00bb.vc_custom_1752877164843{margin-bottom: 0px !important;}\u00a0\u00bb]\n<h4><b>2024-2025 Rapport de l&rsquo;Enqu\u00eate sur la r\u00e9mun\u00e9ration en conservation-restauration de l&rsquo;ACCR et de l\u2019ACRP<br \/>\n<\/b><\/h4>\n<p>L&rsquo;Association canadienne pour la conservation et la restauration des biens culturels (ACCR) et <a href=\"https:\/\/capc-acrp.ca\/fr\/\" target=\"_blank\" rel=\"noopener\">l&rsquo;Association canadienne des restaurateurs professionnels<\/a> (ACRP) ont collabor\u00e9 \u00e0 l\u2019\u00e9laboration de cette enqu\u00eate sur la r\u00e9mun\u00e9ration afin de recueillir des informations sur la r\u00e9mun\u00e9ration des restaurateurs(trices) et des personnes impliqu\u00e9es dans le soin du patrimoine culturel au Canada. Il s&rsquo;agit de la premi\u00e8re enqu\u00eate visant \u00e0 recueillir des informations sur les professionnel(le)s de la conservation-restauration au Canada. Ce rapport a \u00e9t\u00e9 rendu possible gr\u00e2ce au g\u00e9n\u00e9reux soutien financier du minist\u00e8re du Patrimoine canadien.<\/p>\n<p>Nos objectifs sont les suivants :<\/p>\n<ul>\n<li>Soutenir les professionnel(le)s \u00e0 d\u00e9terminer eux(elles)-m\u00eames, de mani\u00e8re \u00e9clair\u00e9e, si leur r\u00e9mun\u00e9ration est appropri\u00e9e et correspond \u00e0 leur niveau de formation, d\u2019exp\u00e9rience et de responsabilit\u00e9s.<\/li>\n<li>Cr\u00e9er la transparence et l\u2019\u00e9quit\u00e9 dans le domaine de la conservation-restauration.<\/li>\n<\/ul>\n<p>Afin de prot\u00e9ger la confidentialit\u00e9 de vos r\u00e9ponses, toutes les r\u00e9ponses ont \u00e9t\u00e9 recueillies et compil\u00e9es par une soci\u00e9t\u00e9 de recherche ind\u00e9pendante, <a href=\"https:\/\/www.brammresearch.com\/\" target=\"_blank\" rel=\"noopener\">Bramm Research Inc.,<\/a> qui les a analys\u00e9es et pr\u00e9sent\u00e9es sous forme agr\u00e9g\u00e9e. Cela garantit que des d\u00e9tails sp\u00e9cifiques ne soient pas li\u00e9s \u00e0 une personne, une organisation et\/ou une institution particuli\u00e8re. Afin de mieux prot\u00e9ger l&rsquo;anonymat des personnes sond\u00e9es, ce rapport a \u00e9t\u00e9 minutieusement examin\u00e9 par le groupe de travail sur l&rsquo;Enqu\u00eate sur la r\u00e9mun\u00e9ration et par les membres des conseils d&rsquo;administration de l&rsquo;ACCR et de l\u2019ACRP.<\/p>\n<p>Afin de respecter la confidentialit\u00e9 et l&rsquo;anonymat des informations recueillies dans le cadre de l&rsquo;enqu\u00eate, veuillez noter que ce rapport final n\u2019est accessible qu\u2019aux membres de l&rsquo;ACCR et de l\u2019ACRP et qu\u2019il vous sera n\u00e9cessaire de vous connecter au portail des membres : <a href=\"https:\/\/www.cac-accr.ca\/fr\/download\/rapport-de-lenquete-sur-la-remuneration\/?tmstv=1752626188\" target=\"_blank\" rel=\"noopener\">Rapport de l&rsquo;Enqu\u00eate sur la r\u00e9mun\u00e9ration<\/a><\/p>\n<p>Vous pouvez partager certains r\u00e9sultats afin de plaider en faveur d\u2019une meilleure r\u00e9mun\u00e9ration pour vous-m\u00eame, vos coll\u00e8gues et\/ou votre \u00e9quipe\/service, etc., mais nous vous demandons de ne pas transmettre, distribuer ou publier ce rapport sur le web.<\/p>\n<p>Les questions et les commentaires concernant ce rapport peuvent \u00eatre envoy\u00e9s au <a href=\"mailto:advocacy@cac-accr.ca\">comit\u00e9 de d\u00e9fense de la conservation<\/a>.[\/vc_column_text][vc_empty_space][\/vc_column][\/vc_row][vc_row id=\u00a0\u00bbcompensation\u00a0\u00bb][vc_column][vc_column_text css=\u00a0\u00bb.vc_custom_1752626685727{margin-bottom: 0px !important;}\u00a0\u00bb]\n<h4><b>F\u00e9vrier 2024 &#8211; <span style=\"font-weight: 400;\">\u00a0<strong>L&rsquo;enqu\u00eate sur la r\u00e9mun\u00e9ration de l&rsquo;ACCR et de l\u2019ACRP<\/strong><\/span><\/b><\/h4>\n<p>L&rsquo;Association canadienne pour la conservation et la restauration des biens culturels (ACCR) et <a href=\"https:\/\/capc-acrp.ca\/fr\/\" target=\"_blank\" rel=\"noopener\">l&rsquo;Association canadienne des restaurateurs professionnels<\/a> (ACRP) ont collabor\u00e9 \u00e0 l\u2019\u00e9laboration de cette enqu\u00eate sur la r\u00e9mun\u00e9ration afin de recueillir des informations sur la r\u00e9mun\u00e9ration des restaurateurs(trices) et des personnes impliqu\u00e9es dans le soin du patrimoine culturel au Canada. Une enqu\u00eate sur la r\u00e9mun\u00e9ration n&rsquo;a jamais \u00e9t\u00e9 men\u00e9e sp\u00e9cifiquement pour les professionnel(le)s de la conservation-restauration au Canada et elle a \u00e9t\u00e9 rendue possible gr\u00e2ce au g\u00e9n\u00e9reux soutien financier du Minist\u00e8re du patrimoine canadien.<\/p>\n<p>Lien vers l\u2019enqu\u00eate : <a href=\"https:\/\/survey.alchemer.com\/s3\/7592116\/Conservation-Comp23\" target=\"_blank\" rel=\"noopener\">https:\/\/survey.alchemer.com\/s3\/7592116\/Conservation-Comp23-Web<\/a><\/p>\n<p>Qui peut r\u00e9pondre \u00e0 cette enqu\u00eate ?<\/p>\n<ul>\n<li>Toute personne engag\u00e9e dans le domaine de la conservation-restauration au Canada en <strong>2023<\/strong>, notamment :\n<ul>\n<li>Les personnes employ\u00e9es \u00e0 temps plein ou \u00e0 temps partiel dans des institutions publiques, des entreprises ou soci\u00e9t\u00e9s priv\u00e9es ;<\/li>\n<li>Celles et ceux qui entreprennent des \u00e9tudes ou une formation ;<\/li>\n<li>Celles et ceux qui effectuent un travail non r\u00e9mun\u00e9r\u00e9 ou b\u00e9n\u00e9vole ;<\/li>\n<li>Celles et ceux qui ont \u00e9tudi\u00e9 ou travaill\u00e9 dans le domaine de la conservation-restauration mais qui l\u2019ont depuis quitt\u00e9.<\/li>\n<\/ul>\n<\/li>\n<li>Les r\u00e9pondant(e)s peuvent inclure des Canadien(ne)s et des r\u00e9sident(e)s permanent(e)s travaillant et\/ou \u00e9tudiant \u00e0 l&rsquo;\u00e9tranger.<\/li>\n<li>Les r\u00e9pondant(e)s ne se limitent pas aux membres de l\u2019ACCR et de l\u2019ACRP.<\/li>\n<\/ul>\n<p>Dans cette enqu\u00eate, le terme de \u00ab conservation-restauration \u00bb d\u00e9finit \u00ab l\u2019ensemble des mesures visant \u00e0 prot\u00e9ger le patrimoine culturel pour le futur. L\u2019objectif de la conservation-restauration est d\u2019\u00e9tudier, de documenter et de conserver les qualit\u00e9s importantes sur le plan culturel d\u2019un objet tout en limitant le plus possible les interventions. La conservation-restauration englobe l\u2019examen, la documentation, la conservation pr\u00e9ventive, la pr\u00e9servation, la restauration et la reconstruction \u00bb. (D\u00e9finitions de <a href=\"https:\/\/www.cac-accr.ca\/fr\/quest-ce-que-la-restauration\/\" target=\"_blank\" rel=\"noopener\">l\u2019ACCR<\/a> et de <a href=\"https:\/\/capc-acrp.ca\/fr\/la-conservation-quest-ce-que-cest\" target=\"_blank\" rel=\"noopener\">l\u2019ACRP<\/a>).<\/p>\n<p>Le temps de r\u00e9ponse \u00e0 l\u2019enqu\u00eate est d\u2019environ 15 minutes pour chaque emploi que vous avez occup\u00e9 en 2023. Si vous avez occup\u00e9 plus d&rsquo;un emploi en <strong>2023<\/strong>, elle vous sera demand\u00e9e de r\u00e9pondre plus d&rsquo;une fois \u00e0 certaines questions. Vous aurez la possibilit\u00e9 de donner des r\u00e9ponses pour <strong>un maximum de trois<\/strong> emplois.<\/p>\n<p>Une version PDF de cette enqu\u00eate est disponible pour donner aux r\u00e9pondant(e)s la possibilit\u00e9 de prendre connaissance des questions pos\u00e9es avant de commencer \u00e0 r\u00e9pondre \u00e0 l&rsquo;enqu\u00eate : <a href=\"https:\/\/www.cac-accr.ca\/fr\/\/download\/lenquete-sur-la-remuneration-de-laccr-et-de-lacrp\/?tmstv=1707180795\" target=\"_blank\" rel=\"noopener\">https:\/\/www.cac-accr.ca\/fr\/\/download\/lenquete-sur-la-remuneration-de-laccr-et-de-lacrp\/?tmstv=1707180795<\/a>.<\/p>\n<p><strong>Veuillez consulter \u00e0 vos informations fiscales de l\u2019ann\u00e9e 2023 pour r\u00e9pondre aux questions li\u00e9es \u00e0 votre revenu.<\/strong><\/p>\n<p><strong>Lien vers l&rsquo;enqu\u00eate : <a href=\"https:\/\/survey.alchemer.com\/s3\/7592116\/Conservation-Comp23\" target=\"_blank\" rel=\"noopener\">https:\/\/survey.alchemer.com\/s3\/7592116\/Conservation-Comp23-Web<\/a>.<\/strong> Merci de partager cette enqu\u00eate avec vos coll\u00e8gues et ancien(ne)s coll\u00e8gues qui ne sont peut-\u00eatre pas membres de l\u2019ACCR et\/ou de l\u2019ACRP.<\/p>\n<p>Nos objectifs sont les suivants :<\/p>\n<ul>\n<li>Recueillir des informations sur la r\u00e9mun\u00e9ration en conservation-restauration au Canada<\/li>\n<li>Soutenir les professionnel(le)s \u00e0 d\u00e9terminer eux(elles)-m\u00eames, de mani\u00e8re \u00e9clair\u00e9e, si leur r\u00e9mun\u00e9ration est appropri\u00e9e et correspond \u00e0 leur niveau de formation, d\u2019exp\u00e9rience et de responsabilit\u00e9s.<\/li>\n<li>Cr\u00e9er la transparence et l\u2019\u00e9quit\u00e9 dans le domaine de la conservation-restauration.<\/li>\n<\/ul>\n<p>Nous collectons des informations sur les aspects suivants de la r\u00e9mun\u00e9ration :<\/p>\n<ul>\n<li>Montant et sources des salaires<\/li>\n<li>Type de lieu de travail<\/li>\n<li>Type de poste<\/li>\n<li>Informations g\u00e9ographiques et d\u00e9mographiques<\/li>\n<li>Avantages sociaux<\/li>\n<li>Statut syndical<\/li>\n<li>Nombre d\u2019ann\u00e9es d&#8217;emploi dans le domaine<\/li>\n<li>Type de formation<\/li>\n<li>Et d&rsquo;autres aspects de votre travail<\/li>\n<\/ul>\n<p>L&rsquo;ACCR et l\u2019ACRP respectent la confidentialit\u00e9 des informations recueillies dans le cadre de cette enqu\u00eate. <strong>Toutes les r\u00e9ponses seront compil\u00e9es par l&rsquo;entreprise de recherche ind\u00e9pendante, <a href=\"https:\/\/www.brammresearch.com\/\" target=\"_blank\" rel=\"noopener\">Bramm Research Inc.<\/a><\/strong>, qui veillera \u00e0 ce que toutes les r\u00e9ponses soient analys\u00e9es et pr\u00e9sent\u00e9es dans un format agr\u00e9g\u00e9 afin que des d\u00e9tails sp\u00e9cifiques ne soient pas li\u00e9s \u00e0 un individu, une organisation ou une institution en particulier.<\/p>\n<p>Le rapport final d&rsquo;enqu\u00eate sera disponible sur les sites Web de l\u2019ACCR et de l\u2019ACRP une fois termin\u00e9. Les r\u00e9sultats de l\u2019enqu\u00eate pourront \u00eatre utilis\u00e9s dans les projets de d\u00e9fense de la conservation-restauration.<\/p>\n<p>Les questions de cette enqu\u00eate ont \u00e9t\u00e9 con\u00e7ues pour r\u00e9pondre aux directives pour l&rsquo;accessibilit\u00e9 du contenu Web (WCAG) 2.0. S&rsquo;il y a des questions qui n&rsquo;ont pas pu \u00eatre remplies ou compl\u00e9t\u00e9es en raison du manque d&rsquo;accessibilit\u00e9, veuillez envoyer un courriel \u00e0 <a href=\"mailto:compensation@cac-accr.ca\">compensation@cac-accr.ca<\/a>. Si vous rencontrez des difficult\u00e9s techniques et \/ ou pr\u00e9f\u00e9rez rester anonyme, veuillez contacter Paul Stewart, l&rsquo;administrateur des enqu\u00eates de Bramm Research Inc. (<a href=\"mailto:pstewart@brammresearch.com\" target=\"_blank\" rel=\"noopener\">pstewart@brammresearch.com<\/a>).<\/p>\n<p>Lien vers l\u2019enqu\u00eate : <a href=\"https:\/\/survey.alchemer.com\/s3\/7592116\/Conservation-Comp23\" target=\"_blank\" rel=\"noopener\">https:\/\/survey.alchemer.com\/s3\/7592116\/Conservation-Comp23-Web<\/a>[\/vc_column_text][vc_empty_space][\/vc_column][\/vc_row][vc_row id=\u00a0\u00bbpolicy\u00a0\u00bb][vc_column][vc_column_text css=\u00a0\u00bb.vc_custom_1709655679656{margin-bottom: 0px !important;}\u00a0\u00bb]\n<h4><b>Mars 2023 &#8211; Renouvellement de la Politique mus\u00e9ale canadienne<\/b><\/h4>\n<p>Le minist\u00e8re du patrimoine canadien entreprend le renouvellement de la Politique mus\u00e9ale canadienne qui oriente la r\u00e9ponse du gouvernement au secteur du patrimoine par des mesures l\u00e9gislatives, financi\u00e8res et administratives.<\/p>\n<p>Le minist\u00e8re du patrimoine canadien invite le public \u00e0 lui faire part de ses commentaires par le biais d&rsquo;un sondage auquel nous vous encourageons \u00e0 r\u00e9pondre.<\/p>\n<p>Le Comit\u00e9 ad hoc de d\u00e9fense de la conservation a cr\u00e9\u00e9 un document contenant des points cl\u00e9s de d\u00e9fense de la conservation afin de fournir aux membres de l&rsquo;ACCR des informations et des donn\u00e9es qui peuvent \u00eatre utiles pour r\u00e9pondre au sondage. Vous trouverez ce document <a href=\"https:\/\/www.cac-accr.ca\/wp-content\/uploads\/2023\/03\/accr_renouvellement-de-la-politique-museale-canadienne_points-cles-pour-la-defence-de-la-conservation_fr.pdf\" target=\"_blank\" rel=\"noopener\">ici<\/a>.[\/vc_column_text][vc_empty_space][\/vc_column][\/vc_row][vc_row id=\u00a0\u00bbMBAC\u00a0\u00bb][vc_column][vc_column_text css=\u00a0\u00bb.vc_custom_1709655693496{margin-bottom: 0px !important;}\u00a0\u00bb]\n<h4><b>D\u00e9cembre 2022 &#8211; Licenciement de postes de conservation-restauration au Mus\u00e9e des beaux-arts du Canada et \u00e0 travers le pays<\/b><\/h4>\n<p>L&rsquo;Association canadienne pour la conservation et la restauration des biens culturels (ACCR) et l&rsquo;Association canadienne des restaurateurs professionnels (ACRP) ont envoy\u00e9 des lettres officielles au Minist\u00e8re du patrimoine canadien, ainsi qu&rsquo;au Conseil d&rsquo;administration et \u00e0 la Directrice par int\u00e9rim du Mus\u00e9e des beaux-arts du Canada (MBAC). Ces lettres ont \u00e9t\u00e9 envoy\u00e9es en r\u00e9ponse \u00e0 l&rsquo;\u00e9limination de nombreux postes en conservation-restauration dans les institutions patrimoniales au cours des trois derni\u00e8res ann\u00e9es, dont la derni\u00e8re en date \u00e9tant le licenciement et l&rsquo;\u00e9limination potentielle du poste de Directeur de la conservation et de la recherche technique au MBAC. Cette situation repr\u00e9sente un risque s\u00e9rieux pour les collections et une d\u00e9valorisation de la profession de restaurateur. C&rsquo;est pourquoi les conseils d&rsquo;administration de l&rsquo;ACCR et de l&rsquo;ACRP ont demand\u00e9 au Ministre du patrimoine canadien de soutenir la conservation-restauration du patrimoine culturel du Canada en incluant les perspectives de conservation-restauration dans la mise \u00e0 jour de la Loi sur les mus\u00e9es et en fournissant des fonds allou\u00e9s aux projets de conservation-restauration. Ces lettres ont \u00e9t\u00e9 r\u00e9dig\u00e9es gr\u00e2ce aux contributions de nombreux membres de l&rsquo;ACCR et de l&rsquo;ACRP, approuv\u00e9es par les Conseils d&rsquo;administration et envoy\u00e9es \u00e0 leurs destinataires respectifs le 6 d\u00e9cembre 2022.<\/p>\n<p>Si vous souhaitez envoyer des lettres en votre nom au Ministre du patrimoine canadien, des mod\u00e8les de lettres sont disponibles<a href=\"https:\/\/www.cac-accr.ca\/wp-content\/uploads\/2022\/12\/cac-_-capc_national-gallery-of-canada-and-conservation-layoffs_template-letters-fr-en.docx\" target=\"_blank\" rel=\"noopener\"> ici<\/a>.<\/p>\n<p>Mise \u00e0 jour : La lettre originale contenait une section intitul\u00e9e \u00ab Obstacles \u00e0 la r\u00e9conciliation\u00bb, dont le contenu a \u00e9t\u00e9 signal\u00e9 aux deux conseils d\u2019administration pour son risque d\u2019interpr\u00e9tation erron\u00e9e. Apr\u00e8s r\u00e9flexion et discussion avec le Groupe de travail sur la (r\u00e9)conciliation (GTR), et sous la direction de leurs recommandations, les conseils d\u2019administration de l\u2019ACCR et de l\u2019ACPR ont retir\u00e9 la section afin de s\u2019aligner avec notre engagement \u00e0 l\u2019\u00e9gard des efforts de r\u00e9conciliation et de d\u00e9colonisation. L\u2019ACCR et l\u2019ACPR sont reconnaissants de l\u2019engagement de leurs membres alors que nous continuons d\u2019apprendre et de travailler ensemble.<\/p>\n<p><span style=\"font-weight: 400;\">Les lettres sont disponibles ci-dessous :<\/span><\/p>\n<p><a href=\"https:\/\/www.cac-accr.ca\/wp-content\/uploads\/2023\/02\/20221214_accr_acrp_a-lattention-du-ministre-du-patrimoine-canadien-fr.docx.pdf\" target=\"_blank\" rel=\"noopener\">Lettre au Ministre du patrimoine canadien<\/a><br \/>\n<a href=\"https:\/\/www.cac-accr.ca\/wp-content\/uploads\/2023\/02\/20221214_accr_acrp_a-lattention-du-conseil-dadministration-du-mbac-fr.docx.pdf\" target=\"_blank\" rel=\"noopener\">Lettre au Conseil d&rsquo;administration du MBAC<\/a><br \/>\n<a href=\"https:\/\/www.cac-accr.ca\/wp-content\/uploads\/2023\/02\/20221214_cac_capc_to-the-attention-of-the-ngc-interim-director-en.docx-1.pdf\" target=\"_blank\" rel=\"noopener\">Lettre \u00e0 la Directrice par int\u00e9rim du MBAC<\/a>[\/vc_column_text][vc_empty_space][\/vc_column][\/vc_row][vc_row id=\u00a0\u00bbenquetecovidfinal\u00a0\u00bb][vc_column][vc_column_text css=\u00a0\u00bb.vc_custom_1666742126131{margin-bottom: 0px !important;}\u00a0\u00bb]\n<h4>Octobre 2022 &#8211; <strong>Rapport final des Enqu\u00eates \u00e9valuant l\u2019impact de la COVID-19 sur les professionnel\u00b7le\u00b7s de la conservation au Canada<\/strong><\/h4>\n<p><span style=\"font-weight: 400;\">L\u2019Association canadienne pour la conservation et la restauration des biens culturels (ACCR) et l\u2019Association canadienne des restaurateurs professionnels (ACRP) pr\u00e9sentent le <\/span><a href=\"https:\/\/www.cac-accr.ca\/wp-content\/uploads\/2022\/10\/accr-acrp-enquetes-covid-19-rapport-final.pdf\" target=\"_blank\" rel=\"noopener\"><span style=\"font-weight: 400;\">Rapport final\u00a0<\/span><\/a><span style=\"font-weight: 400;\">des quatre Enqu\u00eates \u00e9valuant l\u2019impact de la COVID-19 sur les professionnel\u00b7le\u00b7s de la conservation au Canada.<\/span>[\/vc_column_text][vc_empty_space][\/vc_column][\/vc_row][vc_row id=\u00a0\u00bbenquetecovidIV\u00a0\u00bb][vc_column][vc_column_text css=\u00a0\u00bb.vc_custom_1709655725786{margin-bottom: 0px !important;}\u00a0\u00bb]<strong>Juin 2022 &#8211; R\u00c9SUM\u00c9 DE L\u2019ENQU\u00caTE \u00c9VALUANT L\u2019IMPACT DE LA COVID-19 SUR LES PROFESSIONNEL\u00b7LE\u00b7S DE LA CONSERVATION AU CANADA : PARTIE III<\/strong><\/p>\n<p><span style=\"font-weight: 400;\">L\u2019Association canadienne pour la conservation et la restauration des biens culturels (ACCR) et l\u2019Association canadienne des restaurateurs professionnels (ACRP) pr\u00e9sentent un r\u00e9sum\u00e9 des donn\u00e9es recueillies aupr\u00e8s des professionnel\u00b7le\u00b7s de la conservation concernant l&rsquo;impact de la pand\u00e9mie de COVID-19 sur leur vie et leur carri\u00e8re. Les r\u00e9ponses furent r\u00e9colt\u00e9es par le biais d\u2019un logiciel de sondage en ligne entre le 26 janvier et le 4 mars 2022.<\/span><\/p>\n<p><a href=\"https:\/\/www.cac-accr.ca\/wp-content\/uploads\/2022\/06\/resume-enquete-covid-19-partie-iv_fr.pdf\" target=\"_blank\" rel=\"noopener\">Le r\u00e9sum\u00e9 d&rsquo;une page des r\u00e9sultats est disponible ici.<\/a>[\/vc_column_text][vc_empty_space][\/vc_column][\/vc_row][vc_row id=\u00a0\u00bbycw\u00a0\u00bb][vc_column][vc_column_text css=\u00a0\u00bb.vc_custom_1709655737655{margin-bottom: 0px !important;}\u00a0\u00bb]\n<h4><strong>Septembre 2021 &#8211; Appel \u00e0 l&rsquo;action : Plaidoyer<\/strong><\/h4>\n<p><span style=\"font-weight: 400;\">En 2021, le Comit\u00e9 ad hoc de d\u00e9fense de la conservation et le Comit\u00e9 des restaurateurs \u00e9mergents ont travaill\u00e9 conjointement pour demander au gouvernement f\u00e9d\u00e9ral de modifier la limite d&rsquo;\u00e2ge du programme Jeunesse Canada au travail (JCT). Cette initiative de plaidoyer a notamment consist\u00e9 \u00e0 <a href=\"https:\/\/www.cac-accr.ca\/download\/letter-to-minister-of-inclusion-and-diversity-and-youth\/\" target=\"_blank\" rel=\"noopener\">envoyer une lettre \u00e0 la Ministre de la Diversit\u00e9 et de l&rsquo;Inclusion et de la Jeunesse<\/a><\/span><span style=\"font-weight: 400;\">, au Premier Ministre et aux autres chefs de partis politiques.\u00a0<\/span><\/p>\n<p><span style=\"font-weight: 400;\">\u00a0<\/span><span style=\"font-weight: 400;\">Les conditions d&rsquo;admissibilit\u00e9 actuelles du programme JCT restreignent les candidatures aux personnes \u00e2g\u00e9es entre 16 et 30 ans. Ces conditions d\u00e9sertent de nombreuses personnes r\u00e9cemment dipl\u00f4m\u00e9es en ne reconnaissant pas le temps n\u00e9cessaire \u00e0 la compl\u00e9tion d&rsquo;\u00e9tudes sp\u00e9cialis\u00e9es et contribuent finalement \u00e0 une faible diversit\u00e9, r\u00e9silience et inclusion au sein de notre industrie, qui d\u00e9pend des financements du programme JCT.<\/span><\/p>\n<p><span style=\"font-weight: 400;\">\u00a0<\/span><span style=\"font-weight: 400;\">Nous vous demandons \u00e0 pr\u00e9sent de participer \u00e0 nos efforts de plaidoyer pendant et apr\u00e8s cette \u00e9lection f\u00e9d\u00e9rale. Nous avons cr\u00e9\u00e9 un mod\u00e8le de lettre \u00e0 personnaliser et \u00e0 envoyer \u00e0 votre d\u00e9put\u00e9 local ou aux candidats locaux.<\/span><\/p>\n<p><span style=\"font-weight: 400;\">\u00a0<\/span><span style=\"font-weight: 400;\"><a href=\"https:\/\/www.cac-accr.ca\/fr\/download\/modele-de-lettre-de-plaidoyer-pour-jeunesse-canada-au-travail\/\" target=\"_blank\" rel=\"noopener\">T\u00e9l\u00e9chargez le mod\u00e8le de lettre<\/a>.<\/span>[\/vc_column_text][vc_empty_space][\/vc_column][\/vc_row][vc_row id=\u00a0\u00bbenquetecovidIII\u00a0\u00bb][vc_column][vc_column_text css=\u00a0\u00bb.vc_custom_1709655749564{margin-bottom: 0px !important;}\u00a0\u00bb]\n<h4><strong>Avril 2021 &#8211; R\u00c9SUM\u00c9 DE L\u2019ENQU\u00caTE \u00c9VALUANT L\u2019IMPACT DE LA COVID-19 SUR LES PROFESSIONNEL\u00b7LE\u00b7S DE LA CONSERVATION AU CANADA : PARTIE III<\/strong><\/h4>\n<p>L\u2019Association canadienne pour la conservation et la restauration des biens culturels (ACCR) et l\u2019Association canadienne des restaurateurs professionnels (ACRP) pr\u00e9sentent un r\u00e9sum\u00e9 des donn\u00e9es recueillies aupr\u00e8s des professionnel\u00b7le\u00b7s de la conservation concernant l&rsquo;impact de la pand\u00e9mie de COVID-19 sur leur vie et leur carri\u00e8re. Les r\u00e9ponses furent r\u00e9colt\u00e9es par le biais d\u2019un logiciel de sondage en ligne entre le 28 janvier et le 28 f\u00e9vrier, 2021.<\/p>\n<p><a href=\"https:\/\/www.cac-accr.ca\/wp-content\/uploads\/2021\/05\/resume-enquete-pandemie-partie-iii.pdf\" target=\"_blank\" rel=\"noopener\">Le r\u00e9sum\u00e9 d&rsquo;une page des r\u00e9sultats est disponible ici.<\/a>[\/vc_column_text][vc_empty_space][\/vc_column][\/vc_row][vc_row id=\u00a0\u00bbadhesionsparainees\u00a0\u00bb][vc_column][vc_column_text css=\u00a0\u00bb.vc_custom_1709655761609{margin-bottom: 0px !important;}\u00a0\u00bb]\n<h4><strong>Mars 2021 &#8211; Adh\u00e9sions para\u00een\u00e9es<\/strong><\/h4>\n<p>Gr\u00e2ce aux dons des membres de l\u2019ACCR, <a href=\"https:\/\/www.cac-accr.ca\/wp-content\/uploads\/2022\/04\/adhesion-parainee.pdf\" target=\"_blank\" rel=\"noopener\">31 adh\u00e9sions<\/a> ont \u00e9t\u00e9 offertes \u00e0 des \u00e9tudiantes, des \u00e9tudiants, des restauratrices et restaurateurs \u00e9mergent\u00b7e\u00b7s, soit l&rsquo;\u00e9quivalent de 1 590 dollars !<\/p>\n<p>Les Enqu\u00eates sur l\u2019impact de la pand\u00e9mie de Covid-19 ont montr\u00e9 que ces segments d\u00e9mographiques sont les plus touch\u00e9s financi\u00e8rement par la pand\u00e9mie. 58 % des b\u00e9n\u00e9ficiaires sont \u00e9tudiant\u00b7es en restauration du patrimoine, 38 % sont restauratrices\/restaurateurs \u00e9mergent\u00b7e\u00b7s, et 3 % sont stagiaires pr\u00e9alables au programme d\u2019\u00e9tudes. 55 % des b\u00e9n\u00e9ficiaires d\u2019une adh\u00e9sion para\u00een\u00e9e s&rsquo;identifient comme membres d&rsquo;une ou plusieurs des communaut\u00e9s suivantes : noire, autochtone, personnes de couleur, bispirituelles, lesbiennes, gays, bisexuelles, transgenres, queer, intersexu\u00e9es, asexuelles, handicap\u00e9es, ou tout autre groupe sous-repr\u00e9sent\u00e9.<\/p>\n<p>D&rsquo;autres adh\u00e9sions parrain\u00e9es sont disponibles pour celleux qui en ont besoin ! Postulez en suivant <a href=\"https:\/\/forms.gle\/ECV7hnJXUB8r4AvX7\" target=\"_blank\" rel=\"noopener\">ce lien.<\/a>[\/vc_column_text][vc_empty_space][\/vc_column][\/vc_row][vc_row id=\u00a0\u00bbenquetecovidII\u00a0\u00bb][vc_column][vc_column_text css=\u00a0\u00bb.vc_custom_1709655773285{margin-bottom: 0px !important;}\u00a0\u00bb]\n<h4><strong><span style=\"color: #000000;\">Janvier 2021 &#8211; R\u00c9SUM\u00c9 DE L\u2019ENQU\u00caTE \u00c9VALUANT L&rsquo;IMPACT DU COVID 19 SUR LES PROFESSIONNEL\u00b7LE\u00b7S DE LA CONSERVATION AU CANADA: PARTIE II<\/span><\/strong><\/h4>\n<p>L\u2019Association canadienne pour la conservation et la restauration des biens culturels (ACCR) et l\u2019Association canadienne des restaurateurs professionnels (ACRP) pr\u00e9sentent un r\u00e9sum\u00e9 des donn\u00e9es recueillies aupr\u00e8s des professionnel\u00b7le\u00b7s de la conservation concernant l&rsquo;impact de la pand\u00e9mie de COVID-19 sur leur vie et leur carri\u00e8re. Les r\u00e9ponses furent r\u00e9colt\u00e9es par le biais d\u2019un logiciel de sondage en ligne entre le 30 septembre et le 31 octobre 2020. Un troisi\u00e8me sondage sera distribu\u00e9 en janvier 2021.<\/p>\n<p><a href=\"https:\/\/www.cac-accr.ca\/wp-content\/uploads\/2021\/01\/resume-de-lenquete-evaluant-limpact-de-la-covid-19-sur-les-professionnelles-de-la-conservation-au-canada-partie-ii.pdf\" target=\"_blank\" rel=\"noopener\"><span style=\"font-weight: 400;\">Le r\u00e9sum\u00e9 d&rsquo;une page des r\u00e9sultats est disponible ici.<\/span><\/a>[\/vc_column_text][vc_empty_space][\/vc_column][\/vc_row][vc_row id=\u00a0\u00bbenquetecovidI\u00a0\u00bb][vc_column][vc_column_text css=\u00a0\u00bb.vc_custom_1709655783279{margin-bottom: 0px !important;}\u00a0\u00bb]\n<h4><strong><span style=\"color: #000000;\">Septembre 2020 &#8211; R\u00c9SUM\u00c9 DE L\u2019ENQU\u00caTE \u00c9VALUANT L&rsquo;IMPACT DU COVID 19 SUR LES PROFESSIONNEL\u00b7LE\u00b7S DE LA CONSERVATION AU CANADA: PARTIE I<\/span><\/strong><\/h4>\n<p><span style=\"font-weight: 400;\">L\u2019Association canadienne pour la conservation et la restauration des biens culturels (ACCR) et l\u2019Association canadienne des restaurateurs professionnels (ACRP) pr\u00e9sentent un r\u00e9sum\u00e9 des donn\u00e9es recueillies aupr\u00e8s des professionnel\u00b7le\u00b7s de la conservation concernant l&rsquo;impact de la pand\u00e9mie de COVID-19 sur leur vie et leur carri\u00e8re. Les r\u00e9ponses furent r\u00e9colt\u00e9es par le biais d\u2019un logiciel de sondage en ligne entre le 4 mai et le 7 juin 2020. Un second sondage sera distribu\u00e9 au cours de la derni\u00e8re semaine de septembre 2020. <\/span><\/p>\n<p><a href=\"https:\/\/www.cac-accr.ca\/wp-content\/uploads\/2020\/09\/resume-de-lenquete-evaluant-limpact-du-covid-19-sur-les-professionnelles-de-la-conservation-au-canada-partie-i.pdf\" target=\"_blank\" rel=\"noopener noreferrer\"><span style=\"font-weight: 400;\">Le r\u00e9sum\u00e9 d&rsquo;une page des r\u00e9sultats est disponible ici.<\/span><\/a>[\/vc_column_text][vc_empty_space][\/vc_column][\/vc_row][vc_row id=\u00a0\u00bbrsm\u00a0\u00bb][vc_column][vc_column_text css=\u00a0\u00bb.vc_custom_1616904467352{margin-bottom: 0px !important;}\u00a0\u00bb]\n<h4><span style=\"color: #000000;\"><strong>Ao\u00fbt 2020 &#8211; Royal Saskatchewan Museum (RSM)<\/strong><\/span><\/h4>\n<p><span style=\"font-weight: 400;\">En ao\u00fbt 2020, l\u2019ACCR a re\u00e7u une demande de soutien des Amis du RSM dans leurs efforts pour plaider en faveur d&rsquo;une infrastructure appropri\u00e9e pour abriter le D\u00e9partement de recherche et des collections du RSM. En r\u00e9ponse, l\u2019ACCR a \u00e9crit \u00e0 l&rsquo;Honorable Gene Makowsky, Ministre des Parcs, de la Culture et des Sports, pour l\u2019encourager, ainsi que le Gouvernement de la Saskatchewan, \u00e0 prendre les mesures n\u00e9cessaires pour fournir au RSM une infrastructure de soins des collections efficiente et accessible.<\/span><\/p>\n<p><a href=\"https:\/\/www.cac-accr.ca\/wp-content\/uploads\/2020\/08\/letter_rsm.pdf\" target=\"_blank\" rel=\"noopener noreferrer\"><span style=\"font-weight: 400;\">Voir la lettre de l\u2019ACCR au Ministre des Parcs, de la Culture et des Sports de la Saskatchewan.<\/span><\/a><\/p>\n[\/vc_column_text][vc_empty_space][\/vc_column][\/vc_row][vc_row id=\u00a0\u00bbblm\u00a0\u00bb][vc_column][vc_column_text css=\u00a0\u00bb.vc_custom_1616904557162{margin-bottom: 0px !important;}\u00a0\u00bb]\n<h4><span style=\"color: #000000;\"><strong>Juillet 2020 &#8211; <span lang=\"fr\">D\u00e9claration \u00e0 l&rsquo;appui du mouvement Black Lives Matter en cours<\/span><\/strong><\/span><\/h4>\n<p><span style=\"font-weight: 400;\">L\u2019<\/span><b>Association canadienne pour la conservation et la restauration des biens culturels <\/b><span style=\"font-weight: 400;\">d\u00e9sire annoncer publiquement son soutien au mouvement <\/span><b><i>Black Lives Matter<\/i><\/b> <span style=\"font-weight: 400;\">amorc\u00e9 aux \u00c9tats-Unis et adopt\u00e9 mondialement depuis. L\u2019ACCR condamne toutes les formes d\u2019injustice fond\u00e9es sur la race, y compris la brutalit\u00e9 polici\u00e8re et le racisme syst\u00e9mique qui existent dans notre soci\u00e9t\u00e9.\u00a0<\/span><\/p>\n<p><span style=\"font-weight: 400;\">Au cours des derni\u00e8res semaines, les membres du conseil d\u2019administration de l\u2019ACCR ont pris le temps d\u2019\u00e9couter et de se renseigner sur le sujet, et nous avons pris l\u2019engagement de poursuivre notre \u00e9ducation. Nous savons que les personnes noires, autochtones et autres personnes racialis\u00e9es sont largement sous-repr\u00e9sent\u00e9es dans le milieu de la conservation-restauration, et nous prenons par la pr\u00e9sente l\u2019engagement de faire de notre mieux pour soutenir et encourager activement une plus vaste inclusion par tous les moyens \u00e0 notre disposition.\u00a0<\/span><\/p>\n<p><span style=\"font-weight: 400;\">Par ailleurs, nous reconnaissons que la conservation-restauration, tout comme ses domaines alli\u00e9s comme la mus\u00e9ologie et l\u2019arch\u00e9ologie, est une profession reposant sur un pass\u00e9 colonial. En effet, certaines des pr\u00e9occupations sp\u00e9cifiques li\u00e9es \u00e0 la conservation-restauration sont souvent utilis\u00e9es pour justifier la s\u00e9paration permanente entre les peuples et leur patrimoines culturels. Cette s\u00e9paration est effectu\u00e9e par le biais de l\u2019interdiction d\u2019acc\u00e8s aux biens patrimoniaux et du refus oppos\u00e9 \u00e0 des demandes de rapatriement. Cette situation est inacceptable. Le <\/span><a href=\"https:\/\/www.cac-accr.ca\/wp-content\/uploads\/dlm_uploads\/2017\/12\/fcode.pdf\" target=\"_blank\" rel=\"noopener noreferrer\"><b>Code de d\u00e9ontologie de l\u2019ACCR <\/b><\/a><span style=\"font-weight: 400;\">exige qu\u2019en tant que conservateurs-restaurateurs, nous soyons dirig\u00e9s par un respect bien inform\u00e9 de l\u2019int\u00e9grit\u00e9 des biens culturels, tout en acceptant nos limites. Doit s\u2019ensuivre l\u2019acceptation que les peuples de diverses cultures et origines doivent participer \u00e0 la pr\u00e9servation de leur propre patrimoine culturel. Les obstacles pour acc\u00e9der \u00e0 la profession de conservateur-restaurateur (qu\u2019ils soient financiers, scolaires, institutionnels, etc.) freinent de mani\u00e8re \u00e9vidente la diversification et la d\u00e9colonisation. L\u2019ACCR ne peut plus continuer d\u2019accepter le statu quo qui pr\u00e9vaut aux d\u00e9pens des Canadiens racialis\u00e9s et promet de se lancer dans des initiatives qui permettront d\u2019am\u00e9liorer la diversification et l\u2019\u00e9galit\u00e9 au sein de notre domaine.\u00a0<\/span><\/p>\n<p><span style=\"font-weight: 400;\">L\u2019ACCR s\u2019engage \u00e0 entreprendre les actions suivantes afin d\u2019engendrer un changement positif au sein de notre communaut\u00e9\u00a0:\u00a0<\/span><\/p>\n<ul>\n<li style=\"font-weight: 400;\"><span style=\"font-weight: 400;\">Le soutien financier du Groupe de travail sur la r\u00e9conciliation et la mise en \u0153uvre de ses recommandations dans le but d\u2019inclure les peuples et points de vue autochtones dans la conservation-restauration.\u00a0<\/span><\/li>\n<li style=\"font-weight: 400;\"><span style=\"font-weight: 400;\">La mise sur pied d\u2019initiatives d\u2019aide financi\u00e8re visant \u00e0 soutenir les \u00e9tudiants en conservation-restauration issus de groupes sous-repr\u00e9sent\u00e9s.<\/span><\/li>\n<li style=\"font-weight: 400;\"><span style=\"font-weight: 400;\">L\u2019engagement de soutenir les institutions dans la cr\u00e9ation de stages r\u00e9mun\u00e9r\u00e9s, par l\u2019interm\u00e9diaire d\u2019initiatives de d\u00e9fense des int\u00e9r\u00eats.<\/span><\/li>\n<li style=\"font-weight: 400;\"><span style=\"font-weight: 400;\">La conception d\u2019une campagne de sensibilisation \u00e0 la conservation-restauration en tant que profession, visant les \u00e9tudiants issus de groupes sous-repr\u00e9sent\u00e9s.<\/span><\/li>\n<li style=\"font-weight: 400;\"><span style=\"font-weight: 400;\">La publication de ressources relatives \u00e0 la lutte contre le racisme et au patrimoine culturel sur notre site Web et dans diverses plateformes de m\u00e9dias sociaux.<\/span><\/li>\n<li style=\"font-weight: 400;\"><span style=\"font-weight: 400;\">Une invitation \u00e0 tous les professionnels canadiens de la conservation-restauration \u00e0 partager anonymement leurs exp\u00e9riences en mati\u00e8re d\u2019injustice fond\u00e9e sur la race afin que l\u2019ACCR puisse continuer d\u2019apprendre et mette sur pied des initiatives visant \u00e0 contrer le racisme syst\u00e9mique dans le domaine de la conservation-restauration.\u00a0<\/span><\/li>\n<\/ul>\n[\/vc_column_text][vc_empty_space][\/vc_column][\/vc_row][vc_row id=\u00a0\u00bbwet&rsquo;suwet&rsquo;en\u00a0\u00bb][vc_column][vc_column_text css=\u00a0\u00bb.vc_custom_1616904638142{margin-bottom: 0px !important;}\u00a0\u00bb]\n<h4><span style=\"color: #000000;\"><strong>Mars 2020 &#8211; Solidarit\u00e9 au peuple Wet&rsquo;suwet&rsquo;en<\/strong><\/span><\/h4>\n<p>L&rsquo;Association canadienne pour la conservation et la restauration des biens culturels tient \u00e0 exprimer son respect et \u00e0 offrir sa solidarit\u00e9 au peuple Wet&rsquo;suwet&rsquo;en qui, conform\u00e9ment \u00e0 ses lois et dans son territoire, s&rsquo;acquitte de son devoir de protection du monde naturel et du patrimoine culturel qui lui est inextricable.<\/p>\n<p><a href=\"https:\/\/www.cac-accr.ca\/wp-content\/uploads\/2020\/03\/accr-lettre-de-solidarite-pour-wetsuweten.pdf\" target=\"_blank\" rel=\"noopener noreferrer\">Voir la lettre complet<\/a>[\/vc_column_text][vc_empty_space][\/vc_column][\/vc_row][vc_row id=\u00a0\u00bbsoindescollections\u00a0\u00bb][vc_column][vc_column_text css=\u00a0\u00bb.vc_custom_1616904692533{margin-bottom: 0px !important;}\u00a0\u00bb]\n<h4><strong>Novembre 2019 &#8211; Rapport du Sondage canadien sur le soin des collections\u00a0<\/strong><\/h4>\n<p><span style=\"font-weight: 400;\">L\u2019Association canadienne pour la conservation et la restauration des biens culturels (CAC-ACCR) et l\u2019Association canadienne des restaurateurs professionnels (CAPC-ACRP) ont le plaisir d\u2019annoncer la publication du Rapport du Sondage canadien sur le soin des collections. Le sondage a \u00e9t\u00e9 lanc\u00e9 en mai 2018 et a recueilli des donn\u00e9es aupr\u00e8s de 389 institutions patrimoniales. Il a permis de recueillir des informations sur les ressources humaines, financi\u00e8res et mat\u00e9rielles disponibles pour le soin des collections ; ainsi que sur les risques mena\u00e7ant les collections, les politiques et proc\u00e9dures mises en place pour lescontrer les risques ; l\u2019acc\u00e8s et l\u2019usage des collections ; et les probl\u00e9matiques li\u00e9es aux collections patrimoniales d\u2019objets issus des communaut\u00e9s autochtones. Ces donn\u00e9es peuvent \u00eatre utilis\u00e9es librement pour des campagnes de sensibilisation, de lev\u00e9e de fonds, ou pour l\u2019\u00e9laboration de programmes. Les versions anglaise et fran\u00e7aise du Rapport peuvent \u00eatre t\u00e9l\u00e9charg\u00e9es gratuitement sur le site Web de l\u2019ACCR.<\/span><\/p>\n<p><a href=\"https:\/\/www.cac-accr.ca\/wp-content\/uploads\/2019\/11\/sondage-canadien-sur-le-soin-des-collections-resume-des-resultats.pdf\" target=\"_blank\" rel=\"noopener noreferrer\"><span style=\"font-weight: 400;\"> Rapport du Sondage canadien sur le soin des collections (fran\u00e7ais)<\/span><\/a><\/p>\n<p><a href=\"https:\/\/www.cac-accr.ca\/wp-content\/uploads\/2019\/11\/canadian-collections-care-survey-summary-of-results.pdf\" target=\"_blank\" rel=\"noopener noreferrer\"><span style=\"font-weight: 400;\"> Rapport du Sondage canadien sur le soin des collections (anglais)<\/span><\/a>[\/vc_column_text][vc_empty_space][\/vc_column][\/vc_row][vc_row id=\u00a0\u00bbaskaconservator2019&Prime;][vc_column][vc_column_text css=\u00a0\u00bb.vc_custom_1616904784503{margin-bottom: 0px !important;}\u00a0\u00bb]\n<h4><strong>Novembre 2019 &#8211; <\/strong><strong>Journ\u00e9e \u00ab Ask A Conservator \u00bb<\/strong><\/h4>\n<p>Partout dans le monde, des conservateurs-restaurateurs participeront \u00e0 la journ\u00e9e \u00ab\u00a0<strong>Ask a Conservator\u00a0<\/strong>\u00bb (Demandez \u00e0 un conservateur-restaurateur), qui aura lieu le 4\u00a0novembre\u00a02019. Cette journ\u00e9e est symbolique\u00a0: c\u2019est le 4\u00a0novembre\u00a01966 que le fleuve Arno est sorti de son lit et a inond\u00e9 Florence, causant des dommages \u00e0 des \u00e9l\u00e9ments du patrimoine culturel d\u2019une valeur inestimable. Toutefois, cette catastrophe a engendr\u00e9 une vague de mesures incroyables qui ont \u00e9t\u00e9, et sont toujours, prises afin d\u2019assurer la conservation des articles endommag\u00e9s par les inondations.<\/p>\n<p>La journ\u00e9e \u00ab\u00a0<strong>Ask a Conservator<\/strong>\u00a0\u00bb\u00a0s\u2019inscrit dans l\u2019esprit de collaboration internationale et de partage des connaissances qui a suivi cette catastrophe. Nous soulignerons et c\u00e9l\u00e9brerons la croissance de notre profession entra\u00een\u00e9e par la r\u00e9action \u00e0 l\u2019inondation de Florence en offrant au public l\u2019occasion d\u2019\u00e9changer avec des conservateurs-restaurateurs par l\u2019entremise des r\u00e9seaux sociaux.<\/p>\n<p>En utilisant le mot-clic\u00a0<strong>#AskAConservator<\/strong>\u00a0dans les r\u00e9seaux sociaux (comme Facebook, Twitter et Instagram), nous pourrons donner une vue d\u2019ensemble du domaine de la conservation-restauration \u2014 des conservateurs-restaurateurs travaillant en pratique priv\u00e9e aux services multiples des grandes institutions.<\/p>\n<p>Nous avons besoin de votre aide afin de dresser un portrait fid\u00e8le de la conservation-restauration! Nous vous demandons de bien vouloir promouvoir cet \u00e9v\u00e9nement dans vos r\u00e9seaux sociaux et d\u2019y participer de la mani\u00e8re qui vous convient. Cela pourrait se faire d\u2019une des mani\u00e8res suivantes\u00a0:<\/p>\n<ul>\n<li>Vous rendre disponible pour r\u00e9pondre \u00e0 des questions \u00e0 propos de la conservation-restauration sur vos r\u00e9seaux sociaux.<\/li>\n<li>Collaborer avec votre institution afin d\u2019utiliser ses comptes de r\u00e9seaux sociaux pour \u00e9changer avec le public.<\/li>\n<li>R\u00e9pondre \u00e0 des questions lors d\u2019une diffusion en direct \u00e0 partir de votre laboratoire.<\/li>\n<\/ul>\n<p>Utilisez ces <a href=\"https:\/\/www.cac-accr.ca\/wp-content\/uploads\/2019\/10\/ask-a-conservator-exemples-de-publications-sur-les-rseaux-sociaux-1.pdf\" target=\"_blank\" rel=\"noopener noreferrer\">exemples de publications sur les r\u00e9seaux sociaux<\/a> pour commencer.<\/p>\n[\/vc_column_text][vc_empty_space][\/vc_column][\/vc_row][vc_row id=\u00a0\u00bbmuse\u00a0\u00bb][vc_column][vc_column_text css=\u00a0\u00bb.vc_custom_1616904841063{margin-bottom: 0px !important;}\u00a0\u00bb]\n<h4><strong>Ao\u00fbt 2019 &#8211; Entrevue sur le laboratoire de restauration pour enfants dans le magazine <i>Muse<\/i><\/strong><\/h4>\n<p><span style=\"font-weight: 400;\">Le Comit\u00e9 Ad-Hoc pour la d\u00e9fense de la conservation de l\u2019ACCR a publi\u00e9 une entrevue avec Mauray Toutloff, restauratrice au Mus\u00e9e d\u2019anthropologie (MOA) de l\u2019Universit\u00e9 de la Colombie-Britannique (UBC), dans le num\u00e9ro de juillet\/ao\u00fbt de la revue Muse de l&rsquo;AMC. L&rsquo;entrevue s\u2019est focalis\u00e9e sur le projet de laboratoire de restauration pour enfants mis en place par Mauray, en collaboration avec l&rsquo;\u00e9quipe de programmation publique et les b\u00e9n\u00e9voles du MOA, dans le cadre des activit\u00e9s du Jour de la famille. Avec la permission de l&rsquo;AMC, nous sommes heureux de partager une copie de l&rsquo;article ici. <a href=\"https:\/\/www.cac-accr.ca\/wp-content\/uploads\/2019\/08\/2019_july_august_ubcmoa.pdf\" target=\"_blank\" rel=\"noopener noreferrer\">Suivez le lien pour en savoir plus sur le laboratoire de conservation pour enfants du MOA.<\/a> Nous esp\u00e9rons que partager des t\u00e9moignages comme celui-ci pourra servir d&rsquo;inspiration pour plus de collaborations entre les services de conservation et de programmation publique !<\/span>[\/vc_column_text][vc_empty_space][\/vc_column][\/vc_row][vc_row id=\u00a0\u00bbmnb\u00a0\u00bb][vc_column][vc_column_text css=\u00a0\u00bb.vc_custom_1616904912508{margin-bottom: 0px !important;}\u00a0\u00bb]\n<h4><strong>F\u00e9vrier 2019 &#8211; Mus\u00e9e du Nouveau-Brunswick<\/strong><\/h4>\n<p>En d\u00e9cembre 2018, le gouvernement du Nouveau-Brunswick a annul\u00e9 un financement de 50 millions de dollars consenti \u00e0 la construction de nouvelles installations pour le Mus\u00e9e du Nouveau-Brunswick. Dans la mesure o\u00f9 cette d\u00e9cision place tant les collections patrimoniales que le personnel du mus\u00e9e \u00e0 risque, l\u2019ACCR jug\u00e9 n\u00e9cessaire d\u2019\u00e9crire \u00e0 l\u2019honorable Blaine Higgs, premier ministre du Nouveau-Brunswick, ainsi qu\u2019\u00e0 d\u2019autres membres du Conseil ex\u00e9cutif, afin de les inviter \u00e0 r\u00e9examiner leur d\u00e9cision.<\/p>\n<p><a href=\"https:\/\/www.cac-accr.ca\/wp-content\/uploads\/2019\/02\/accrlettre_nbm_gauvin.pdf\" target=\"_blank\" rel=\"noopener noreferrer\">Voir la lettre de l&rsquo;ACCR \u00e0 Ministre du Tourisme, du Patrimoine et de la Culture<\/a><\/p>\n<p><a href=\"https:\/\/www.cac-accr.ca\/wp-content\/uploads\/2019\/02\/modele_de_lettre_mnb.docx\" target=\"_blank\" rel=\"noopener noreferrer\">T\u00e9l\u00e9chargez le mod\u00e8le de lettre<\/a> \u00e0 personnaliser et \u00e0 envoyer aux parties concern\u00e9es[\/vc_column_text][vc_empty_space][\/vc_column][\/vc_row][vc_row id=\u00a0\u00bbreconciliation\u00a0\u00bb][vc_column][vc_column_text align=\u00a0\u00bbcenter\u00a0\u00bb css=\u00a0\u00bb.vc_custom_1573489210508{margin-bottom: 0px !important;}\u00a0\u00bb]\n<h2><strong>Le groupe de travail sur la r\u00e9conciliation (GTR)<\/strong><\/h2>\n[\/vc_column_text][\/vc_column][\/vc_row][vc_row][vc_column][vc_column_text css=\u00a0\u00bb.vc_custom_1621902388546{margin-bottom: 0px !important;}\u00a0\u00bb]<span style=\"font-weight: 400;\">Le Groupe de travail sur la (r\u00e9)conciliation (GTR) a \u00e9t\u00e9 cr\u00e9\u00e9 par l\u2019ACCR pour r\u00e9pondre \u00e0 la DNUDPA et aux appels \u00e0 l&rsquo;action de la CVR en \u00e9laborant une position officielle pour les membres de la l\u2019ACCR en ce qui a trait \u00e0 la conservation du patrimoine mat\u00e9riel autochtone, et pour refl\u00e9ter cette position dans les documents de l\u2019ACCR, y compris dans Le Code de d\u00e9ontologie et Guide du praticien.<\/span><\/p>\n<p><span style=\"font-weight: 400;\">Pour plus d&rsquo;informations sur les objectifs, les aspirations et les activit\u00e9s du GTR, veuillez visiter <a href=\"https:\/\/rwgcacaccr.wixsite.com\/mysite\/about-a-propos\" target=\"_blank\" rel=\"noopener\">le blog du projet<\/a>.<\/span>[\/vc_column_text][vc_empty_space][\/vc_column][\/vc_row][vc_row disable_element=\u00a0\u00bbyes\u00a0\u00bb][vc_column][vc_empty_space][vc_column_text css=\u00a0\u00bb.vc_custom_1573493807572{margin-bottom: 0px !important;}\u00a0\u00bb]<strong>Octobre 2019 &#8211; Le groupe de travail sur la r\u00e9conciliation (GTR) mise \u00e0 jour pour les membres<\/strong><\/p>\n<p><span style=\"font-weight: 400;\">Le sondage aupr\u00e8s des membres s&rsquo;est termin\u00e9 le 11 octobre.<\/span><\/p>\n<ul>\n<li style=\"font-weight: 400;\"><span style=\"font-weight: 400;\">Le sondage a \u00e9t\u00e9 prolong\u00e9 deux fois<\/span><\/li>\n<li style=\"font-weight: 400;\"><span style=\"font-weight: 400;\">Nous avons eu 63 r\u00e9pondant<\/span><span style=\"font-weight: 400;\">\u00b7e\u00b7<\/span><span style=\"font-weight: 400;\">s, soit 17% de nos membres<\/span><\/li>\n<li style=\"font-weight: 400;\"><span style=\"font-weight: 400;\">98,4% des r\u00e9pondants soutiennent le projet GTR; 1,6% ne le soutiennent pas.<\/span><\/li>\n<li style=\"font-weight: 400;\"><span style=\"font-weight: 400;\">Les commentaires et suggestions ont \u00e9t\u00e9 re\u00e7us; ils seront compil\u00e9s et r\u00e9sum\u00e9s dans un bref rapport pour informer le GTR une fois celui-ci form\u00e9.<\/span><\/li>\n<li style=\"font-weight: 400;\"><span style=\"font-weight: 400;\">G\u00e9n\u00e9ralement, les r\u00e9ponses re\u00e7ues ont \u00e9t\u00e9 tr\u00e8s positives et les commentaires tr\u00e8s constructifs! De nombreux r\u00e9pondant<\/span><span style=\"font-weight: 400;\">\u00b7e\u00b7<\/span><span style=\"font-weight: 400;\">s ont propos\u00e9 leur nom en tant que membres potentiel<\/span><span style=\"font-weight: 400;\">\u00b7le\u00b7<\/span><span style=\"font-weight: 400;\">s du groupe de travail et\/ou se sont propos\u00e9<\/span><span style=\"font-weight: 400;\">\u00b7e\u00b7<\/span><span style=\"font-weight: 400;\">s pour faire du b\u00e9n\u00e9volat. Nous ferons un suivi individuel d\u2019ici la fin novembre.<\/span><\/li>\n<li style=\"font-weight: 400;\"><span style=\"font-weight: 400;\">Nous avons \u00e9galement re\u00e7u beaucoup de r\u00e9ponses par courriel plut\u00f4t que via le sondage\u00a0<\/span><\/li>\n<\/ul>\n<p><span style=\"font-weight: 400;\">Le GTR a \u00e9t\u00e9 mis en valeur dans le num\u00e9ro d&rsquo;octobre du journal \u00abNews in Conservation\u00bb de l&rsquo;Institut international de conservation<\/span><span style=\"font-weight: 400;\">\u00a0<\/span><\/p>\n<ul>\n<li style=\"font-weight: 400;\"><span style=\"font-weight: 400;\">Lien vers la version ISSUU (en anglais): <\/span><a href=\"https:\/\/issuu.com\/home\/published\/nic-magazine-october-2019-issuu\" target=\"_blank\" rel=\"noopener noreferrer\"><span style=\"font-weight: 400;\">https:\/\/issuu.com\/home\/published\/nic-magazine-october-2019-issuu<\/span><\/a><\/li>\n<li style=\"font-weight: 400;\"><span style=\"font-weight: 400;\">Lien vers la version PDF (en anglais): <\/span><a href=\"https:\/\/www.iiconservation.org\/system\/files\/publications\/journal\/2019\/b2019_5.pdf\" target=\"_blank\" rel=\"noopener noreferrer\"><span style=\"font-weight: 400;\">https:\/\/www.iiconservation.org\/system\/files\/publications\/journal\/2019\/b2019_5.pdf<\/span><\/a><\/li>\n<\/ul>\n<p><span style=\"font-weight: 400;\">Un sond<\/span><span style=\"font-weight: 400;\">age, mis au point en consultation avec des conseiller<\/span><span style=\"font-weight: 400;\">\u00b7\u00e8re\u00b7<\/span><span style=\"font-weight: 400;\">s en conservation reconnu<\/span><span style=\"font-weight: 400;\">\u00b7e\u00b7<\/span><span style=\"font-weight: 400;\">s, a \u00e9t\u00e9 envoy\u00e9 \u00e0 des coordonnateur<\/span><span style=\"font-weight: 400;\">\u00b7rice\u00b7<\/span><span style=\"font-weight: 400;\">s, gestionnaires et \/ ou conseiller<\/span><span style=\"font-weight: 400;\">\u00b7\u00e8re\u00b7<\/span><span style=\"font-weight: 400;\">s culturel<\/span><span style=\"font-weight: 400;\">\u00b7le\u00b7<\/span><span style=\"font-weight: 400;\">s dans des travaillant dans des <\/span><span style=\"font-weight: 400;\">centres culturels m\u00e9tis, inuits et des Premi\u00e8res Nations de partout au Canada. Ce sondage a pour but de d\u00e9terminer si le groupe de travail est quelque chose qu&rsquo;il<\/span><span style=\"font-weight: 400;\">\u00b7elle\u00b7s<\/span><span style=\"font-weight: 400;\"> soutiennent, ce que leur organisation esp\u00e8re en retirer et s\u2019il<\/span><span style=\"font-weight: 400;\">\u00b7elle\u00b7<\/span><span style=\"font-weight: 400;\">s aimeraient \u00eatre impliqu\u00e9<\/span><span style=\"font-weight: 400;\">\u00b7e<\/span><span style=\"font-weight: 400;\"> dans le processus. Ce sondage se terminera le 15 novembre.<\/span><\/p>\n<p><strong>Campagne de financement:<\/strong><\/p>\n<ul>\n<li style=\"font-weight: 400;\"><span style=\"font-weight: 400;\">Notre campagne Go-Fund-Me est actuellement \u00e0 1 895 $. Aidez-nous \u00e0 atteindre notre objectif de 8 000 $ en contribuant ici: <\/span><a href=\"https:\/\/www.gofundme.com\/f\/art-conservators-for-truth-and-reconciliation\" target=\"_blank\" rel=\"noopener noreferrer\"><span style=\"font-weight: 400;\">https:\/\/www.gofundme.com\/f\/art-conservators-for-truth-and-reconciliation<\/span><\/a><\/li>\n<li style=\"font-weight: 400;\"><span style=\"font-weight: 400;\">Tout don, m\u00eame de quelques dollars, est appr\u00e9ci\u00e9!\u00a0<\/span><\/li>\n<li style=\"font-weight: 400;\"><span style=\"font-weight: 400;\">Si vous ne pouvez faire un don en ce moment, contribuez en passant le mot: partagez la campagne \u00e0 travers votre r\u00e9seau.<\/span><\/li>\n<li style=\"font-weight: 400;\"><span style=\"font-weight: 400;\">Les dons sont d\u00e9ductibles des imp\u00f4ts<\/span><\/li>\n<li style=\"font-weight: 400;\"><span style=\"font-weight: 400;\">Une demande de financement aupr\u00e8s de First Spark sera soumise la semaine prochaine.<\/span><\/li>\n<li style=\"font-weight: 400;\"><span style=\"font-weight: 400;\">Une demande de financement aupr\u00e8s du Programme d\u2019action et de lutte contre le racisme est en cours, et a pour \u00e9ch\u00e9ance le 17 d\u00e9cembre.<\/span><\/li>\n<\/ul>\n<p><span style=\"font-weight: 400;\"><strong>Traduction:<\/strong> Nous avons besoin d&rsquo;aide!<\/span><\/p>\n<ul>\n<li style=\"font-weight: 400;\"><span style=\"font-weight: 400;\">Lors du sondage aupr\u00e8s des membres, quelques volontaires ont lev\u00e9 la main pour aider \u00e0 la traduction<\/span><span style=\"font-weight: 400;\">. La traduction est importante pour bien servir nos membres.<\/span><span style=\"font-weight: 400;\"> Si vous \u00e9crivez et lisez le fran\u00e7ais, nous vous invitons \u00e0 vous porter volontaire pour cr\u00e9er et r\u00e9viser les traductions fran\u00e7aises. S&rsquo;il vous pla\u00eet, \u00e9crire \u00e0 <\/span><span style=\"font-weight: 400;\">rwg.cac.accr@gmail.com<\/span><span style=\"font-weight: 400;\"> si vous avez envie de faire du b\u00e9n\u00e9volat.<\/span><\/li>\n<\/ul>\n<p><strong>Recrutement de membres:<\/strong><\/p>\n<ul>\n<li style=\"font-weight: 400;\"><span style=\"font-weight: 400;\">Nous sommes toujours \u00e0 la recherche de repr\u00e9sentant<\/span><span style=\"font-weight: 400;\">\u00b7e\u00b7<\/span><span style=\"font-weight: 400;\">s de la c\u00f4te Est et les Prairies dans le GTR<\/span><\/li>\n<li style=\"font-weight: 400;\"><span style=\"font-weight: 400;\">Suivez le projet sur Twitter (@rwg_gtr) et les Mercredis GTR sur Instagram (@cac_accr)<\/span><\/li>\n<li style=\"font-weight: 400;\"><span style=\"font-weight: 400;\">Comme toujours, vous pouvez contacter Julia Campbell-Such, Charlotte Parent et Lauren Osmond pour toutes questions, pr\u00e9occupations, r\u00e9actions, critiques &#8211; nous voulons de vos nouvelles!<\/span><\/li>\n<\/ul>\n<p>&nbsp;<\/p>\n<p><strong>Septembre 2019 &#8211; Proposition pour le groupe de travail sur la r\u00e9conciliation (GTR)<\/strong><\/p>\n<p><span style=\"font-weight: 400;\">Nous avons le grand plaisir d\u2019annoncer que le conseil d\u2019administration de l\u2019ACCR a accept\u00e9 une proposition pr\u00e9sent\u00e9e par le Comit\u00e9 ad hoc pour la d\u00e9fense de la conservation visant \u00e0 instaurer d\u00e8s mai 2020 un Groupe de travail sur la r\u00e9conciliation (GTR)<\/span> <span style=\"font-weight: 400;\">qui cherchera \u00e0 \u00e9valuer comment notre organisation devrait contribuer \u00e0 la r\u00e9conciliation avec les peuples autochtones des territoires sur lesquels nous travaillons.\u00a0<\/span><\/p>\n<p><span style=\"font-weight: 400;\">\u00a0Le mandat du GTR sera de d\u00e9velopper pour l\u2019ACCR une position officielle en ce qui a trait \u00e0 la pr\u00e9servation et la restitution des biens d\u2019origine autochtone, ainsi que de s\u2019assurer que cette position est refl\u00e9t\u00e9e dans les documents de travail de l\u2019ACCR (ce qui pourrait inclure le Code de d\u00e9ontologie et Guide du praticien). Le groupe sera actif pour deux ans. Son action impliquera consultation active, partage de comp\u00e9tences, rencontres et riches discussions. Toutes les activit\u00e9s du groupe se conformeront aux principes PCAP\u00ae (propri\u00e9t\u00e9, contr\u00f4le, acc\u00e8s et possession) d\u00e9velopp\u00e9s par <a href=\"https:\/\/fnigc.ca\/fr\/pcap\" target=\"_blank\" rel=\"noopener noreferrer\">le Centre de gouvernance de l\u2019information des Premi\u00e8res Nations<\/a> qui assureront un processus de collecte de donn\u00e9es respectueux.\u00a0<\/span><\/p>\n<p><b>Objectifs :<\/b><\/p>\n<ul>\n<li style=\"font-weight: 400;\"><span style=\"font-weight: 400;\">\u00c9largir les normes professionnelles applicables \u00e0 la conservation afin de respecter les perspectives autochtones en mati\u00e8re de pr\u00e9servation culturelle;<\/span><\/li>\n<li style=\"font-weight: 400;\"><span style=\"font-weight: 400;\">\u00c9tablir un cadre pour une pratique collaborative en mati\u00e8re de conservation et de restauration des biens autochtones, incluant un guide pratique pour faciliter l\u2019acc\u00e8s aux collections ainsi que les restitutions.<\/span><\/li>\n<\/ul>\n<p><span style=\"font-weight: 400;\">\u00a0<\/span><b>Structure du GTR :<\/b><\/p>\n<ul>\n<li><b><span style=\"font-weight: 400;\">14-20 Autochtones et Allochtones qui sont restaurateur\u00b7rice\u00b7s ou gardien\u00b7ne\u00b7s de l\u2019h\u00e9ritage culturel inuit, m\u00e9tis et des Premi\u00e8res Nations qui se porteront volontaires ou seront nomin\u00e9\u00b7e\u00b7s par leurs pairs. De ce nombre seront 3 copr\u00e9sident\u00b7e\u00b7s membres de l\u2019ACCR et 3 secr\u00e9taires issues du Comit\u00e9 ad hoc pour la d\u00e9fense de la conservation.<\/span><\/b><\/li>\n<li><span style=\"font-weight: 400;\">Le groupe sera subdivis\u00e9 en trois groupes r\u00e9gionaux : Ouest, Int\u00e9rieur et Est.\u00a0<\/span><\/li>\n<\/ul>\n<p><b>Financement :<\/b><\/p>\n<p><span style=\"font-weight: 400;\">\u00a0Le calendrier de notre processus de consultation est hautement d\u00e9pendant de diff\u00e9rentes demandes de subvention qui seront faites cet automne. Les offres de b\u00e9n\u00e9volat concernant l\u2019\u00e9criture et la r\u00e9vision de demandes de subvention seront accueillies avec reconnaissance!<\/span><\/p>\n<p><span style=\"font-weight: 400;\">\u00a0Entre temps, nous avons mis sur pied une campagne de financement GoFundMe qui nous aidera \u00e0 lever les fonds n\u00e9cessaires pour un atelier gratuit et ouvert \u00e0 tous les membres de l\u2019ACCR ainsi qu\u2019une rencontre inaugurale du GTR qui auront lieu dans le cadre du congr\u00e8s annuel de l\u2019ACCR \u00e0 Hamilton en Ontario. Les fonds recueillis seront \u00e9galement affect\u00e9s \u00e0 des d\u00e9penses telles que les frais de formation PCAP\u00ae pour les copr\u00e9sident\u00b7e\u00b7s ou les frais de traduction. <a href=\"https:\/\/www.gofundme.com\/f\/art-conservators-for-truth-and-reconciliation\" target=\"_blank\" rel=\"noopener noreferrer\">Montrez votre soutien en contribuant \u00e0 la campagne et en la partageant dans vos r\u00e9seaux.<\/a><\/span><\/p>\n<p><b>Calendrier propos\u00e9<\/b><\/p>\n<ul>\n<li style=\"font-weight: 400;\"><span style=\"font-weight: 400;\">Ao\u00fbt 2019 &#8211; septembre 2019 : Discussions sur la direction que prendra le GTR avec la communaut\u00e9 et les consultants\u00a0<\/span><\/li>\n<li style=\"font-weight: 400;\"><span style=\"font-weight: 400;\">Septembre 2019 &#8211; janvier 2020 : Enqu\u00eate de consultation pr\u00e9liminaire aupr\u00e8s d&rsquo;organisations m\u00e9tisses, inuites et des Premi\u00e8res Nations \u00e0 travers le Canada pour s&rsquo;assurer que ce projet est mutuellement b\u00e9n\u00e9fique<\/span><\/li>\n<li style=\"font-weight: 400;\"><span style=\"font-weight: 400;\">Septembre 2019 \u2013 novembre 2019 : Demandes de subvention<\/span><\/li>\n<li style=\"font-weight: 400;\"><span style=\"font-weight: 400;\">Novembre 2019 \u2013 mars 2020 : Finalisation de la composition du GTR (nomination officielle des membres)<\/span><\/li>\n<li style=\"font-weight: 400;\"><span style=\"font-weight: 400;\">Avril 2020 : Formation PCAP\u00ae pour les copr\u00e9sident\u00b7e\u00b7s\u00a0<\/span><\/li>\n<li style=\"font-weight: 400;\"><span style=\"font-weight: 400;\">Mai 2020 : Rencontre inaugurale du GTR et atelier au congr\u00e8s de l\u2019ACCR<\/span><\/li>\n<li style=\"font-weight: 400;\"><span style=\"font-weight: 400;\">Mai 2020 \u2013 mai 2022 : Consultations et rencontres du GTR<\/span><\/li>\n<li style=\"font-weight: 400;\"><span style=\"font-weight: 400;\">Juillet 2022 : Soumission du rapport final du GTR au conseil d\u2019administration de l\u2019ACCR<\/span><\/li>\n<li style=\"font-weight: 400;\"><span style=\"font-weight: 400;\">Ao\u00fbt \u2013 d\u00e9cembre 2022 : Int\u00e9gration des recommandations du GTR dans les documents de travail de l\u2019ACCR par le Comit\u00e9 ad hoc pour la d\u00e9fense de la conservation<\/span><\/li>\n<\/ul>\n<p><span style=\"font-weight: 400;\">La proposition de projet compl\u00e8te est disponible <\/span><span style=\"font-weight: 400;\"><a href=\"https:\/\/www.cac-accr.ca\/wp-content\/uploads\/2019\/09\/proposition-pour-le-groupe-de-travail-sur-la-rconciliation-2.pdf\" target=\"_blank\" rel=\"noopener noreferrer\">ici<\/a>.<\/span><span style=\"font-weight: 400;\">\u00a0<\/span>[\/vc_column_text][\/vc_column][\/vc_row]\n<\/div>","protected":false},"excerpt":{"rendered":"<p>[vc_row][vc_column][vc_column_text css=\u00a0\u00bb.vc_custom_1606188427463{margin-bottom: 0px !important;}\u00a0\u00bb]La restauration est l\u2019ensemble des mesures visant \u00e0 prot\u00e9ger le patrimoine culturel pour le futur. L\u2019objectif de la restauration est d\u2019\u00e9tudier, de documenter et de conserver les qualit\u00e9s importantes sur le plan culturel d\u2019un objet tout en limitant le plus possible les interventions. La restauration englobe l\u2019examen, la documentation, la conservation pr\u00e9ventive, [&hellip;]<\/p>\n","protected":false},"author":1,"featured_media":0,"parent":0,"menu_order":37,"comment_status":"closed","ping_status":"closed","template":"","meta":{"_acf_changed":false,"rs_blank_template":"","rs_page_bg_color":"","slide_template_v7":"","footnotes":""},"class_list":["post-161","page","type-page","status-publish","hentry"],"acf":[],"yoast_head":"<!-- This site is optimized with the Yoast SEO plugin v27.5 - https:\/\/yoast.com\/product\/yoast-seo-wordpress\/ -->\n<title>Qu\u2019est-ce que la restauration? - l&#039;Association canadienne pour la conservation et la restauration des biens culturels<\/title>\n<meta name=\"robots\" content=\"index, follow, max-snippet:-1, max-image-preview:large, max-video-preview:-1\" \/>\n<link rel=\"canonical\" href=\"https:\/\/www.cac-accr.ca\/fr\/quest-ce-que-la-restauration\/\" \/>\n<meta property=\"og:locale\" content=\"fr_FR\" \/>\n<meta property=\"og:type\" content=\"article\" \/>\n<meta property=\"og:title\" content=\"Qu\u2019est-ce que la restauration? - l&#039;Association canadienne pour la conservation et la restauration des biens culturels\" \/>\n<meta property=\"og:description\" content=\"[vc_row][vc_column][vc_column_text css=\u00a0\u00bb.vc_custom_1606188427463{margin-bottom: 0px !important;}\u00a0\u00bb]La restauration est l\u2019ensemble des mesures visant \u00e0 prot\u00e9ger le patrimoine culturel pour le futur. L\u2019objectif de la restauration est d\u2019\u00e9tudier, de documenter et de conserver les qualit\u00e9s importantes sur le plan culturel d\u2019un objet tout en limitant le plus possible les interventions. La restauration englobe l\u2019examen, la documentation, la conservation pr\u00e9ventive, [&hellip;]\" \/>\n<meta property=\"og:url\" content=\"https:\/\/www.cac-accr.ca\/fr\/quest-ce-que-la-restauration\/\" \/>\n<meta property=\"og:site_name\" content=\"l&#039;Association canadienne pour la conservation et la restauration des biens culturels\" \/>\n<meta property=\"article:publisher\" content=\"https:\/\/www.facebook.com\/Canadian-Association-for-Conservation-of-Cultural-Property-289264431135291\/\" \/>\n<meta property=\"article:modified_time\" content=\"2025-07-18T22:23:34+00:00\" \/>\n<meta name=\"twitter:card\" content=\"summary_large_image\" \/>\n<meta name=\"twitter:site\" content=\"@CAC_ACCR\" \/>\n<meta name=\"twitter:label1\" content=\"Dur\u00e9e de lecture estim\u00e9e\" \/>\n\t<meta name=\"twitter:data1\" content=\"29 minutes\" \/>\n<script type=\"application\/ld+json\" class=\"yoast-schema-graph\">{\"@context\":\"https:\\\/\\\/schema.org\",\"@graph\":[{\"@type\":\"WebPage\",\"@id\":\"https:\\\/\\\/www.cac-accr.ca\\\/fr\\\/quest-ce-que-la-restauration\\\/\",\"url\":\"https:\\\/\\\/www.cac-accr.ca\\\/fr\\\/quest-ce-que-la-restauration\\\/\",\"name\":\"Qu\u2019est-ce que la restauration? - l'Association canadienne pour la conservation et la restauration des biens culturels\",\"isPartOf\":{\"@id\":\"https:\\\/\\\/www.cac-accr.ca\\\/fr\\\/#website\"},\"datePublished\":\"2017-12-10T15:32:41+00:00\",\"dateModified\":\"2025-07-18T22:23:34+00:00\",\"breadcrumb\":{\"@id\":\"https:\\\/\\\/www.cac-accr.ca\\\/fr\\\/quest-ce-que-la-restauration\\\/#breadcrumb\"},\"inLanguage\":\"fr-FR\",\"potentialAction\":[{\"@type\":\"ReadAction\",\"target\":[\"https:\\\/\\\/www.cac-accr.ca\\\/fr\\\/quest-ce-que-la-restauration\\\/\"]}]},{\"@type\":\"BreadcrumbList\",\"@id\":\"https:\\\/\\\/www.cac-accr.ca\\\/fr\\\/quest-ce-que-la-restauration\\\/#breadcrumb\",\"itemListElement\":[{\"@type\":\"ListItem\",\"position\":1,\"name\":\"Home\",\"item\":\"https:\\\/\\\/www.cac-accr.ca\\\/fr\\\/\"},{\"@type\":\"ListItem\",\"position\":2,\"name\":\"Qu\u2019est-ce que la restauration?\"}]},{\"@type\":\"WebSite\",\"@id\":\"https:\\\/\\\/www.cac-accr.ca\\\/fr\\\/#website\",\"url\":\"https:\\\/\\\/www.cac-accr.ca\\\/fr\\\/\",\"name\":\"Canadian Association for Conservation of Cultural Property\",\"description\":\"\",\"publisher\":{\"@id\":\"https:\\\/\\\/www.cac-accr.ca\\\/fr\\\/#organization\"},\"potentialAction\":[{\"@type\":\"SearchAction\",\"target\":{\"@type\":\"EntryPoint\",\"urlTemplate\":\"https:\\\/\\\/www.cac-accr.ca\\\/fr\\\/?s={search_term_string}\"},\"query-input\":{\"@type\":\"PropertyValueSpecification\",\"valueRequired\":true,\"valueName\":\"search_term_string\"}}],\"inLanguage\":\"fr-FR\"},{\"@type\":\"Organization\",\"@id\":\"https:\\\/\\\/www.cac-accr.ca\\\/fr\\\/#organization\",\"name\":\"Canadian Association for Conservation of Cultural Property (CAC)\",\"url\":\"https:\\\/\\\/www.cac-accr.ca\\\/fr\\\/\",\"logo\":{\"@type\":\"ImageObject\",\"inLanguage\":\"fr-FR\",\"@id\":\"https:\\\/\\\/www.cac-accr.ca\\\/fr\\\/#\\\/schema\\\/logo\\\/image\\\/\",\"url\":\"https:\\\/\\\/www.cac-accr.ca\\\/wp-content\\\/uploads\\\/2017\\\/11\\\/cac-accr-logo.png\",\"contentUrl\":\"https:\\\/\\\/www.cac-accr.ca\\\/wp-content\\\/uploads\\\/2017\\\/11\\\/cac-accr-logo.png\",\"width\":390,\"height\":140,\"caption\":\"Canadian Association for Conservation of Cultural Property (CAC)\"},\"image\":{\"@id\":\"https:\\\/\\\/www.cac-accr.ca\\\/fr\\\/#\\\/schema\\\/logo\\\/image\\\/\"},\"sameAs\":[\"https:\\\/\\\/www.facebook.com\\\/Canadian-Association-for-Conservation-of-Cultural-Property-289264431135291\\\/\",\"https:\\\/\\\/x.com\\\/CAC_ACCR\",\"https:\\\/\\\/www.instagram.com\\\/cac_accr\\\/\"]}]}<\/script>\n<!-- \/ Yoast SEO plugin. -->","yoast_head_json":{"title":"Qu\u2019est-ce que la restauration? - l'Association canadienne pour la conservation et la restauration des biens culturels","robots":{"index":"index","follow":"follow","max-snippet":"max-snippet:-1","max-image-preview":"max-image-preview:large","max-video-preview":"max-video-preview:-1"},"canonical":"https:\/\/www.cac-accr.ca\/fr\/quest-ce-que-la-restauration\/","og_locale":"fr_FR","og_type":"article","og_title":"Qu\u2019est-ce que la restauration? - l'Association canadienne pour la conservation et la restauration des biens culturels","og_description":"[vc_row][vc_column][vc_column_text css=\u00a0\u00bb.vc_custom_1606188427463{margin-bottom: 0px !important;}\u00a0\u00bb]La restauration est l\u2019ensemble des mesures visant \u00e0 prot\u00e9ger le patrimoine culturel pour le futur. L\u2019objectif de la restauration est d\u2019\u00e9tudier, de documenter et de conserver les qualit\u00e9s importantes sur le plan culturel d\u2019un objet tout en limitant le plus possible les interventions. La restauration englobe l\u2019examen, la documentation, la conservation pr\u00e9ventive, [&hellip;]","og_url":"https:\/\/www.cac-accr.ca\/fr\/quest-ce-que-la-restauration\/","og_site_name":"l'Association canadienne pour la conservation et la restauration des biens culturels","article_publisher":"https:\/\/www.facebook.com\/Canadian-Association-for-Conservation-of-Cultural-Property-289264431135291\/","article_modified_time":"2025-07-18T22:23:34+00:00","twitter_card":"summary_large_image","twitter_site":"@CAC_ACCR","twitter_misc":{"Dur\u00e9e de lecture estim\u00e9e":"29 minutes"},"schema":{"@context":"https:\/\/schema.org","@graph":[{"@type":"WebPage","@id":"https:\/\/www.cac-accr.ca\/fr\/quest-ce-que-la-restauration\/","url":"https:\/\/www.cac-accr.ca\/fr\/quest-ce-que-la-restauration\/","name":"Qu\u2019est-ce que la restauration? - l'Association canadienne pour la conservation et la restauration des biens culturels","isPartOf":{"@id":"https:\/\/www.cac-accr.ca\/fr\/#website"},"datePublished":"2017-12-10T15:32:41+00:00","dateModified":"2025-07-18T22:23:34+00:00","breadcrumb":{"@id":"https:\/\/www.cac-accr.ca\/fr\/quest-ce-que-la-restauration\/#breadcrumb"},"inLanguage":"fr-FR","potentialAction":[{"@type":"ReadAction","target":["https:\/\/www.cac-accr.ca\/fr\/quest-ce-que-la-restauration\/"]}]},{"@type":"BreadcrumbList","@id":"https:\/\/www.cac-accr.ca\/fr\/quest-ce-que-la-restauration\/#breadcrumb","itemListElement":[{"@type":"ListItem","position":1,"name":"Home","item":"https:\/\/www.cac-accr.ca\/fr\/"},{"@type":"ListItem","position":2,"name":"Qu\u2019est-ce que la restauration?"}]},{"@type":"WebSite","@id":"https:\/\/www.cac-accr.ca\/fr\/#website","url":"https:\/\/www.cac-accr.ca\/fr\/","name":"Canadian Association for Conservation of Cultural Property","description":"","publisher":{"@id":"https:\/\/www.cac-accr.ca\/fr\/#organization"},"potentialAction":[{"@type":"SearchAction","target":{"@type":"EntryPoint","urlTemplate":"https:\/\/www.cac-accr.ca\/fr\/?s={search_term_string}"},"query-input":{"@type":"PropertyValueSpecification","valueRequired":true,"valueName":"search_term_string"}}],"inLanguage":"fr-FR"},{"@type":"Organization","@id":"https:\/\/www.cac-accr.ca\/fr\/#organization","name":"Canadian Association for Conservation of Cultural Property (CAC)","url":"https:\/\/www.cac-accr.ca\/fr\/","logo":{"@type":"ImageObject","inLanguage":"fr-FR","@id":"https:\/\/www.cac-accr.ca\/fr\/#\/schema\/logo\/image\/","url":"https:\/\/www.cac-accr.ca\/wp-content\/uploads\/2017\/11\/cac-accr-logo.png","contentUrl":"https:\/\/www.cac-accr.ca\/wp-content\/uploads\/2017\/11\/cac-accr-logo.png","width":390,"height":140,"caption":"Canadian Association for Conservation of Cultural Property (CAC)"},"image":{"@id":"https:\/\/www.cac-accr.ca\/fr\/#\/schema\/logo\/image\/"},"sameAs":["https:\/\/www.facebook.com\/Canadian-Association-for-Conservation-of-Cultural-Property-289264431135291\/","https:\/\/x.com\/CAC_ACCR","https:\/\/www.instagram.com\/cac_accr\/"]}]}},"_links":{"self":[{"href":"https:\/\/www.cac-accr.ca\/fr\/wp-json\/wp\/v2\/pages\/161","targetHints":{"allow":["GET"]}}],"collection":[{"href":"https:\/\/www.cac-accr.ca\/fr\/wp-json\/wp\/v2\/pages"}],"about":[{"href":"https:\/\/www.cac-accr.ca\/fr\/wp-json\/wp\/v2\/types\/page"}],"author":[{"embeddable":true,"href":"https:\/\/www.cac-accr.ca\/fr\/wp-json\/wp\/v2\/users\/1"}],"replies":[{"embeddable":true,"href":"https:\/\/www.cac-accr.ca\/fr\/wp-json\/wp\/v2\/comments?post=161"}],"version-history":[{"count":12,"href":"https:\/\/www.cac-accr.ca\/fr\/wp-json\/wp\/v2\/pages\/161\/revisions"}],"predecessor-version":[{"id":26325,"href":"https:\/\/www.cac-accr.ca\/fr\/wp-json\/wp\/v2\/pages\/161\/revisions\/26325"}],"wp:attachment":[{"href":"https:\/\/www.cac-accr.ca\/fr\/wp-json\/wp\/v2\/media?parent=161"}],"curies":[{"name":"wp","href":"https:\/\/api.w.org\/{rel}","templated":true}]}}